{"id":141,"date":"2021-03-24T10:05:53","date_gmt":"2021-03-24T09:05:53","guid":{"rendered":"https:\/\/erlebnis-tanz.org\/hessen\/?page_id=141"},"modified":"2023-09-01T20:44:38","modified_gmt":"2023-09-01T18:44:38","slug":"veranstaltungsnachlese","status":"publish","type":"page","link":"https:\/\/erlebnis-tanz.org\/hessen\/veranstaltungsnachlese\/","title":{"rendered":"Veranstaltungsnachlese"},"content":{"rendered":"<div class=\"pbs-main-wrapper\"><h4 style=\"margin-top: 0px;margin-bottom: 54px\">  <span style=\"font-weight:bold;font-size:calc(1rem + 0.73vw)\">Tanzfest zur Landesgartenschau Fulda (17. Juni 2023)<\/span>  <\/h4>\n<p><span style=\"font-size:calc(1rem + 0.31vw);font-weight:bold\">Ach, wie sch\u00f6n Tanzfeste doch sein k\u00f6nnen!<\/span><\/p>\n<p><span style=\"font-size:calc(1rem + 0.31vw);font-weight:bold\">Der Landesverband Hessen hatte f\u00fcr den 17.06. zu einem Tanzfest anl\u00e4sslich der Landesgartenschau in Fulda alle Tanzinteressierte herzlich eingeladen. Die ersten Vorbereitungen liefen bereits vor einem Jahr. Das Tanzprogramm war Anfang des Jahres zusammengestellt und allen AK-Leitungen zur Verf\u00fcgung gestellt. Aber wie immer \u2026 vieles kann man vorbereiten aber auf das Wetter haben wir alle (Gottseidank) keinen Einfluss. Wir hatten Gl\u00fcck! Ein herrliches, sonniges Wetter mit einer k\u00fchlen Brise war der Rahmen f\u00fcr ann\u00e4hernd 350 Tanzfreunde, die vorwiegend aus Hessen aber auch aus den Nachbarl\u00e4ndern angereist waren. Ein buntes Tanzprogramm von Chulu \u00fcber Weberschiffchen, Emmas Mixer, Mein kleiner gr\u00fcner Kaktus usw. konnte mit allen bestens absolviert werden, nat\u00fcrlich in Abwechslung mit einigen T\u00e4nzen im Sitzen. Diese waren bestens geeignet, um eine aktive Pause zu gestalten, wobei die Schattenpl\u00e4tze an diesem Tag hei\u00df begehrt waren. Die Tanzfl\u00e4che wurde \u00f6fters bunt; nahezu 20 T\u00e4nze wurden m\u00fchelos getanzt, hatten doch die Tanzgruppen die T\u00e4nze zu Hause gut einge\u00fcbt.<\/span><\/p>\n<p><span style=\"font-size:calc(1rem + 0.31vw);font-weight:bold\">Unser dreist\u00fcndiges Programm war gut getaktet, so dass wir uns um kurz vor 17:00 Uhr mit \u201eAuf Wiedersehen\u201c allen auf einen guten Heimweg verabschieden konnten.<\/span><\/p>\n<p style=\"margin-bottom: 17px\"><span style=\"font-weight:bold;font-size:calc(1rem + 0.36vw);color:#4b4bae\">Es folgen noch ein paar Eindr\u00fccke &#8211; Die Videos sind je nach Leistung Ihres Ger\u00e4tes nach einem kleinem Moment verf\u00fcgbar (diese werden erst hochgeladen, bevor sie dann angeschaut werden k\u00f6nnen)<\/span><\/p>\n<div style=\"width: 620px;\" class=\"wp-video\"><video class=\"wp-video-shortcode\" id=\"video-141-1\" width=\"620\" height=\"349\" preload=\"metadata\" controls=\"controls\"><source type=\"video\/mp4\" src=\"https:\/\/erlebnis-tanz.org\/hessen\/wp-content\/uploads\/sites\/9\/2023\/06\/20230617_161754.mp4?_=1\" \/><a href=\"https:\/\/erlebnis-tanz.org\/hessen\/wp-content\/uploads\/sites\/9\/2023\/06\/20230617_161754.mp4\">https:\/\/erlebnis-tanz.org\/hessen\/wp-content\/uploads\/sites\/9\/2023\/06\/20230617_161754.mp4<\/a><\/video><\/div>\n<div data-ce-tag=\"spacer\"><\/div>\n<div style=\"width: 620px;\" class=\"wp-video\"><video class=\"wp-video-shortcode\" id=\"video-141-2\" width=\"620\" height=\"344\" preload=\"metadata\" controls=\"controls\"><source type=\"video\/mp4\" src=\"https:\/\/erlebnis-tanz.org\/hessen\/wp-content\/uploads\/sites\/9\/2023\/06\/neuer-film.movie-144739.mp4?_=2\" \/><a href=\"https:\/\/erlebnis-tanz.org\/hessen\/wp-content\/uploads\/sites\/9\/2023\/06\/neuer-film.movie-144739.mp4\">https:\/\/erlebnis-tanz.org\/hessen\/wp-content\/uploads\/sites\/9\/2023\/06\/neuer-film.movie-144739.mp4<\/a><\/video><\/div>\n<div data-ce-tag=\"spacer\"><\/div>\n<div style=\"width: 620px;\" class=\"wp-video\"><video class=\"wp-video-shortcode\" id=\"video-141-3\" width=\"620\" height=\"349\" preload=\"metadata\" controls=\"controls\"><source type=\"video\/mp4\" src=\"https:\/\/erlebnis-tanz.org\/hessen\/wp-content\/uploads\/sites\/9\/2023\/06\/20230617_160736.mp4?_=3\" \/><a href=\"https:\/\/erlebnis-tanz.org\/hessen\/wp-content\/uploads\/sites\/9\/2023\/06\/20230617_160736.mp4\">https:\/\/erlebnis-tanz.org\/hessen\/wp-content\/uploads\/sites\/9\/2023\/06\/20230617_160736.mp4<\/a><\/video><\/div>\n<div data-ce-tag=\"spacer\"><\/div>\n<div style=\"width: 620px;\" class=\"wp-video\"><video class=\"wp-video-shortcode\" id=\"video-141-4\" width=\"620\" height=\"349\" preload=\"metadata\" controls=\"controls\"><source type=\"video\/mp4\" src=\"https:\/\/erlebnis-tanz.org\/hessen\/wp-content\/uploads\/sites\/9\/2023\/06\/20230617_160204.mp4?_=4\" \/><a href=\"https:\/\/erlebnis-tanz.org\/hessen\/wp-content\/uploads\/sites\/9\/2023\/06\/20230617_160204.mp4\">https:\/\/erlebnis-tanz.org\/hessen\/wp-content\/uploads\/sites\/9\/2023\/06\/20230617_160204.mp4<\/a><\/video><\/div>\n<div data-ce-tag=\"spacer\"><\/div>\n<div style=\"width: 620px;\" class=\"wp-video\"><video class=\"wp-video-shortcode\" id=\"video-141-5\" width=\"620\" height=\"349\" preload=\"metadata\" controls=\"controls\"><source type=\"video\/mp4\" src=\"https:\/\/erlebnis-tanz.org\/hessen\/wp-content\/uploads\/sites\/9\/2023\/06\/20230617_155615.mp4?_=5\" \/><a href=\"https:\/\/erlebnis-tanz.org\/hessen\/wp-content\/uploads\/sites\/9\/2023\/06\/20230617_155615.mp4\">https:\/\/erlebnis-tanz.org\/hessen\/wp-content\/uploads\/sites\/9\/2023\/06\/20230617_155615.mp4<\/a><\/video><\/div>\n<div data-ce-tag=\"spacer\"><\/div>\n<div style=\"width: 620px;\" class=\"wp-video\"><video class=\"wp-video-shortcode\" id=\"video-141-6\" width=\"620\" height=\"349\" preload=\"metadata\" controls=\"controls\"><source type=\"video\/mp4\" src=\"https:\/\/erlebnis-tanz.org\/hessen\/wp-content\/uploads\/sites\/9\/2023\/06\/20230617_154417.mp4?_=6\" \/><a href=\"https:\/\/erlebnis-tanz.org\/hessen\/wp-content\/uploads\/sites\/9\/2023\/06\/20230617_154417.mp4\">https:\/\/erlebnis-tanz.org\/hessen\/wp-content\/uploads\/sites\/9\/2023\/06\/20230617_154417.mp4<\/a><\/video><\/div>\n<div data-ce-tag=\"spacer\"><\/div>\n<div style=\"width: 620px;\" class=\"wp-video\"><video class=\"wp-video-shortcode\" id=\"video-141-7\" width=\"620\" height=\"349\" preload=\"metadata\" controls=\"controls\"><source type=\"video\/mp4\" src=\"https:\/\/erlebnis-tanz.org\/hessen\/wp-content\/uploads\/sites\/9\/2023\/06\/20230617_150022.mp4?_=7\" \/><a href=\"https:\/\/erlebnis-tanz.org\/hessen\/wp-content\/uploads\/sites\/9\/2023\/06\/20230617_150022.mp4\">https:\/\/erlebnis-tanz.org\/hessen\/wp-content\/uploads\/sites\/9\/2023\/06\/20230617_150022.mp4<\/a><\/video><\/div>\n<div data-ce-tag=\"spacer\"><\/div>\n<div style=\"width: 620px;\" class=\"wp-video\"><video class=\"wp-video-shortcode\" id=\"video-141-8\" width=\"620\" height=\"349\" preload=\"metadata\" controls=\"controls\"><source type=\"video\/mp4\" src=\"https:\/\/erlebnis-tanz.org\/hessen\/wp-content\/uploads\/sites\/9\/2023\/06\/20230617_141348.mp4?_=8\" \/><a href=\"https:\/\/erlebnis-tanz.org\/hessen\/wp-content\/uploads\/sites\/9\/2023\/06\/20230617_141348.mp4\">https:\/\/erlebnis-tanz.org\/hessen\/wp-content\/uploads\/sites\/9\/2023\/06\/20230617_141348.mp4<\/a><\/video><\/div>\n<div data-ce-tag=\"spacer\"><\/div>\n<div style=\"width: 620px;\" class=\"wp-video\"><video class=\"wp-video-shortcode\" id=\"video-141-9\" width=\"620\" height=\"349\" preload=\"metadata\" controls=\"controls\"><source type=\"video\/mp4\" src=\"https:\/\/erlebnis-tanz.org\/hessen\/wp-content\/uploads\/sites\/9\/2023\/06\/neuer-film.movie-165351.mp4?_=9\" \/><a href=\"https:\/\/erlebnis-tanz.org\/hessen\/wp-content\/uploads\/sites\/9\/2023\/06\/neuer-film.movie-165351.mp4\">https:\/\/erlebnis-tanz.org\/hessen\/wp-content\/uploads\/sites\/9\/2023\/06\/neuer-film.movie-165351.mp4<\/a><\/video><\/div>\n<h4 style=\"margin-top: 72px;margin-bottom: 65px\">  09.-10. November 2019  <\/h4>\n<p style=\"margin-top: -32px\">\u2026 hier ein paar Erinnerungsfotos:<\/p>\n<p><img decoding=\"async\" alt class=\"ms-rteImage-4\" height=\"300\" src=\"https:\/\/erlebnis-tanz.org\/hessen\/wp-content\/uploads\/sites\/9\/2021\/03\/Eingang-Bischoefl.-Priesterseminar.jpg\"><\/p>\n<p style=\"margin-top: -17px\">Eingang zum Bisch\u00f6flichen Prieserseminar in Fulda<\/p>\n<p><img decoding=\"async\" alt class=\"ms-rteImage-4\" src=\"https:\/\/erlebnis-tanz.org\/hessen\/wp-content\/uploads\/sites\/9\/2021\/03\/Eingang-Refektorium.jpg\">&nbsp;<img decoding=\"async\" alt class=\"ms-rteImage-4\" src=\"https:\/\/erlebnis-tanz.org\/hessen\/wp-content\/uploads\/sites\/9\/2021\/03\/Blick-aus-dem-Fenster.jpg\"><\/p>\n<p style=\"margin-top: -17px\">Eingang zum Refektorium und ein Blick aus dem Fenster<\/p>\n<p><strong>\u2026. bei der Arbeit<\/strong><\/p>\n<div class=\"pbs-row\" style=\"min-height: 200px\">\n<div class=\"pbs-col\" style=\"flex-basis: 50%;justify-content: center\">\n<p><img decoding=\"async\" alt class=\"ms-rteImage-4\" height=\"248\" loading=\"lazy\" src=\"https:\/\/erlebnis-tanz.org\/hessen\/wp-content\/uploads\/sites\/9\/2021\/03\/bei-der-Arbeit-01.jpg\" width=\"500\"><\/p>\n<\/div>\n<div class=\"pbs-col\" style=\"flex-basis: 50%;justify-content: center\">\n<p><img decoding=\"async\" alt class=\"ms-rteImage-4\" height=\"248\" loading=\"lazy\" src=\"https:\/\/erlebnis-tanz.org\/hessen\/wp-content\/uploads\/sites\/9\/2021\/03\/bei-der-Arbeit-02.jpg\" width=\"500\"><\/p>\n<\/div>\n<\/div>\n<div class=\"pbs-row\" style=\"min-height: 200px\">\n<div class=\"pbs-col\" style=\"flex-basis: 50%;justify-content: center\">\n<p><img decoding=\"async\" alt class=\"ms-rteImage-4\" height=\"248\" loading=\"lazy\" src=\"https:\/\/erlebnis-tanz.org\/hessen\/wp-content\/uploads\/sites\/9\/2021\/03\/bei-der-Arbeit-03.jpg\" width=\"500\"><\/p>\n<\/div>\n<div class=\"pbs-col\" style=\"flex-basis: 50%;justify-content: center\">\n<p><img decoding=\"async\" alt class=\"ms-rteImage-4\" height=\"248\" loading=\"lazy\" src=\"https:\/\/erlebnis-tanz.org\/hessen\/wp-content\/uploads\/sites\/9\/2021\/03\/bei-der-Arbeit-04.jpg\" width=\"500\"><\/p>\n<\/div>\n<\/div>\n<div class=\"pbs-row\" style=\"min-height: 200px\">\n<div class=\"pbs-col\" style=\"flex-basis: 50%;justify-content: center\">\n<p><img decoding=\"async\" alt class=\"ms-rteImage-4\" height=\"248\" loading=\"lazy\" src=\"https:\/\/erlebnis-tanz.org\/hessen\/wp-content\/uploads\/sites\/9\/2021\/03\/bei-der-Arbeit-05.jpg\" width=\"500\"><\/p>\n<\/div>\n<div class=\"pbs-col\" style=\"flex-basis: 50%;justify-content: center\"><\/div>\n<\/div>\n<p style=\"margin-bottom: 14px\"><strong>\u2026 abends beim Tanzen:<\/strong><\/p>\n<div class=\"pbs-row\" style=\"min-height: 200px\">\n<div class=\"pbs-col\" style=\"flex-basis: 50%;justify-content: center\">\n<p><img decoding=\"async\" alt class=\"ms-rteImage-4\" height=\"248\" loading=\"lazy\" src=\"https:\/\/erlebnis-tanz.org\/hessen\/wp-content\/uploads\/sites\/9\/2021\/03\/Tanzen-im-Sitzen-01.jpg\" width=\"500\"><\/p>\n<\/div>\n<div class=\"pbs-col\" style=\"flex-basis: 50%;justify-content: center\">\n<p><img decoding=\"async\" alt class=\"ms-rteImage-4\" height=\"248\" loading=\"lazy\" src=\"https:\/\/erlebnis-tanz.org\/hessen\/wp-content\/uploads\/sites\/9\/2021\/03\/Tanzen-im-Sitzen-02.jpg\" width=\"500\"><\/p>\n<\/div>\n<\/div>\n<h4 style=\"margin-top: 40px\">  Tanzfest, Stadtallendorf  <\/h4>\n<p style=\"margin-top: -5px\"><strong>25. September 2019<\/strong><\/p>\n<p>\u2026 und nun zum wirklich gelungenem Tanzfest hier ein paar Erinnerungen:<\/p>\n<div class=\"pbs-row\" style=\"min-height: 200px\">\n<div class=\"pbs-col\" style=\"flex-basis: 50%;justify-content: center\">\n<p><img decoding=\"async\" alt class=\"ms-rteImage-4\" height=\"248\" loading=\"lazy\" src=\"https:\/\/erlebnis-tanz.org\/hessen\/wp-content\/uploads\/sites\/9\/2021\/03\/Tanzfest-2019-Stadtallendorf-00.jpg\" width=\"500\"><\/p>\n<\/div>\n<div class=\"pbs-col\" style=\"flex-basis: 50%;justify-content: center\">\n<p><img decoding=\"async\" alt class=\"ms-rteImage-4\" height=\"248\" loading=\"lazy\" src=\"https:\/\/erlebnis-tanz.org\/hessen\/wp-content\/uploads\/sites\/9\/2021\/03\/Tanzfest-2019-Stadtallendorf-01.jpg\" width=\"500\"><\/p>\n<\/div>\n<\/div>\n<div class=\"pbs-row\" style=\"min-height: 200px\">\n<div class=\"pbs-col\" style=\"flex-basis: 50%;justify-content: center\">\n<p><img decoding=\"async\" alt class=\"ms-rteImage-4\" height=\"248\" loading=\"lazy\" src=\"https:\/\/erlebnis-tanz.org\/hessen\/wp-content\/uploads\/sites\/9\/2021\/03\/Tanzfest-2019-Stadtallendorf-02.jpg\" width=\"500\"><\/p>\n<\/div>\n<div class=\"pbs-col\" style=\"flex-basis: 50%;justify-content: center\">\n<p><img decoding=\"async\" alt class=\"ms-rteImage-4\" height=\"248\" loading=\"lazy\" src=\"https:\/\/erlebnis-tanz.org\/hessen\/wp-content\/uploads\/sites\/9\/2021\/03\/Tanzfest-2019-Stadtallendorf-04.jpg\" width=\"500\"><\/p>\n<\/div>\n<\/div>\n<div class=\"pbs-row\" style=\"min-height: 200px\">\n<div class=\"pbs-col\" style=\"flex-basis: 50%;justify-content: center\">\n<p><img decoding=\"async\" alt class=\"ms-rteImage-4\" height=\"248\" loading=\"lazy\" src=\"https:\/\/erlebnis-tanz.org\/hessen\/wp-content\/uploads\/sites\/9\/2021\/03\/Tanzfest-2019-Stadtallendorf-05.jpg\" width=\"500\"><\/p>\n<\/div>\n<div class=\"pbs-col\" style=\"flex-basis: 50%;justify-content: center\">\n<p><img decoding=\"async\" alt class=\"ms-rteImage-4\" height=\"248\" loading=\"lazy\" src=\"https:\/\/erlebnis-tanz.org\/hessen\/wp-content\/uploads\/sites\/9\/2021\/03\/Tanzfest-2019-Stadtallendorf-06.jpg\" width=\"500\"><\/p>\n<\/div>\n<\/div>\n<div class=\"pbs-row\" style=\"min-height: 200px\">\n<div class=\"pbs-col\" style=\"flex-basis: 50%;justify-content: center\">\n<p><img decoding=\"async\" alt class=\"ms-rteImage-4\" height=\"248\" loading=\"lazy\" src=\"https:\/\/erlebnis-tanz.org\/hessen\/wp-content\/uploads\/sites\/9\/2021\/03\/Tanzfest-2019-Stadtallendorf-07.jpg\" width=\"500\"><\/p>\n<\/div>\n<div class=\"pbs-col\" style=\"flex-basis: 50%;justify-content: center\">\n<p><img decoding=\"async\" alt class=\"ms-rteImage-4\" height=\"248\" loading=\"lazy\" src=\"https:\/\/erlebnis-tanz.org\/hessen\/wp-content\/uploads\/sites\/9\/2021\/03\/Tanzfest-2019-Stadtallendorf-08.jpg\" width=\"500\"><\/p>\n<\/div>\n<\/div>\n<div class=\"pbs-row\" style=\"min-height: 200px\">\n<div class=\"pbs-col\" style=\"flex-basis: 50%;justify-content: center\">\n<p><img decoding=\"async\" alt class=\"ms-rteImage-4\" height=\"248\" loading=\"lazy\" src=\"https:\/\/erlebnis-tanz.org\/hessen\/wp-content\/uploads\/sites\/9\/2021\/03\/Tanzfest-2019-Stadtallendorf-03.jpg\" width=\"500\"><\/p>\n<\/div>\n<div class=\"pbs-col\" style=\"flex-basis: 50%;justify-content: center\"><\/div>\n<\/div>\n<h4 style=\"margin-top: 40px\">  Englische Kontrat\u00e4nze (und mehr)  <\/h4>\n<p style=\"margin-top: -5px\"><strong>05.-07. M\u00e4rz 2019 mit Frieda van Vlaenderen und Luc Blancke<\/strong><\/p>\n<div class=\"pbs-row\" style=\"min-height: 200px\">\n<div class=\"pbs-col\" style=\"flex-basis: 50%;justify-content: center\">\n<p><img decoding=\"async\" alt class=\"ms-rteImage-4\" height=\"248\" loading=\"lazy\" src=\"https:\/\/erlebnis-tanz.org\/hessen\/wp-content\/uploads\/sites\/9\/2021\/03\/Frieda-van-Vlaenderen.jpg\" width=\"500\"><\/p>\n<\/div>\n<div class=\"pbs-col\" style=\"flex-basis: 50%;justify-content: center\"><\/div>\n<\/div>\n<p>In den ersten M\u00e4rztagen dieses Jahres trafen sich 30 interessierte T\u00e4nzerinnen und T\u00e4nzer im Tagungshaus Flensunger Hof in M\u00fccke \/ Hessen zu einem Seminar: \u201e Englische Kontrat\u00e4nze\u201c. Neue und alte Kontrat\u00e4nze standen auf dem Programm sowie Squares und Mixer. Als Referentin war Frieda van Vlanderen aus Belgien mit ihrem Ehemann dazu eingeladen. Wir lernten viele englische und amerikanische T\u00e4nze kennen, von denen manche sehr komplex und anspruchsvoll waren. Besonderen Wert legte die Referentin auf die t\u00e4nzerisch sch\u00f6ne Figuren-Ausf\u00fchrung und Augenkontakt. Es gab alte T\u00e4nze zu neuen Musiken und neue T\u00e4nze zu alten Musiken in gro\u00dfer Vielfalt. Frieda wusste Interessantes zu den Choreographen, den Musikern und zur Herkunft der T\u00e4nze zu erz\u00e4hlen. Der \u00e4lteste Kontratanz aus England war immerhin aus dem Jahr 1617!<\/p>\n<p>Die beiden Squares waren sehr unterschiedlich in der Figurenfolge und im Schwierigkeitsgrad. Kontras in Dreier- und Vierer-Aufstellungen mit vielen uns bereits bekannten Figuren, aber neuer Folge, forderten unsere volle Aufmerksamkeit. Besonderen Spa\u00df machte es, einen Square zu tanzen, bei dem die Figuren kurz vorher zugerufen wurden. Das zauberte vielen ein L\u00e4cheln auf die Lippen!<\/p>\n<p>Einen Tanz in Triangel-Aufstellung (drei Vierer-Reihen) konnte die Gruppe schnell umsetzen, obwohl ein Sechser \u2013 Damenstern getanzt wurde, wobei alle&nbsp;&nbsp;T\u00e4nzerinnen einen neuen Herrn bekamen.<\/p>\n<p>Ungew\u00f6hnlich und neu war f\u00fcr die meisten ein Tanz mit drei unterschiedlich aufeinander folgenden Hecken: Delphin-, Grimstock- und<\/p>\n<p>Vierer-Hecke zu wundersch\u00f6nen alten Kl\u00e4ngen = eine Herausforderung f\u00fcr alle!<\/p>\n<p>Eingeladen hatte Anita Krey aus Kassel, stellvertretende Landesvorsitzende von Hessen. Sie hatte alles wunderbar organisiert. Die TeilnehmerInnen kamen vorwiegend aus Hessen, aber auch aus Sachsen und Th\u00fcringen, NRW und Bayern.<\/p>\n<p>Alle Teilnehmer bedankten sich sehr herzlich f\u00fcr diese wunderbaren Tage und freuen sich nun, die T\u00e4nze in ihren Gruppen weitergeben zu k\u00f6nnen.<\/p>\n<p><img decoding=\"async\" alt class=\"ms-rteImage-4\" src=\"https:\/\/erlebnis-tanz.org\/hessen\/wp-content\/uploads\/sites\/9\/2021\/03\/Frieda-2019-Bild-1.jpg\">&nbsp;<img decoding=\"async\" alt class=\"ms-rteImage-4\" src=\"https:\/\/erlebnis-tanz.org\/hessen\/wp-content\/uploads\/sites\/9\/2021\/03\/Frieda-2019-Bild-2.jpg\">&nbsp;<img decoding=\"async\" alt class=\"ms-rteImage-4\" src=\"https:\/\/erlebnis-tanz.org\/hessen\/wp-content\/uploads\/sites\/9\/2021\/03\/Frieda-2019-Bild-3.jpg\">&nbsp;<img decoding=\"async\" alt class=\"ms-rteImage-4\" src=\"https:\/\/erlebnis-tanz.org\/hessen\/wp-content\/uploads\/sites\/9\/2021\/03\/Frieda-2019-Bild-4.jpg\"><\/p>\n<p style=\"margin-bottom: 40px\">Bericht: Marlene Brinkmann \u2013 Bilder: von Elisabeth Groote und Ehrwart Racky<\/p>\n<h4 style=\"margin-top: 40px\">  Tanztage in M\u00fccke  <\/h4>\n<p style=\"margin-top: -6px\"><strong>01.-03. Oktober 2018<\/strong><\/p>\n<p>Hier noch ein Gruppenfoto der TeilnehmerInnen an&nbsp;diesem wunderbaren Workshop<\/p>\n<p style=\"margin-bottom: 40px\"><img decoding=\"async\" alt class=\"ms-rteImage-4\" height=\"300\" src=\"https:\/\/erlebnis-tanz.org\/hessen\/wp-content\/uploads\/sites\/9\/2021\/03\/Tanztage-Muecke-fuer-Website.jpg\"><\/p>\n<h4 style=\"margin-top: 40px\">  Tanzfest in Bad Schwalbach  <\/h4>\n<p style=\"margin-top: -6px\"><strong>Juni \u2013 zur Landesgartenschau<\/strong><\/p>\n<p>Am 19. Juni 2018 wurde vom Landesverband Hessen ein Tanzfest im Rahmen der Landesgartenschau in Bad Schwalbach veranstaltet. Die Resonanz war geradezu \u00fcberw\u00e4ltigend, es hatten sich vorab \u00fcber 650 Teilnehmer\/innen aus den einzelnen Gruppen zu diesem Fest angemeldet und gekommen sind dann nat\u00fcrlich nicht alle, aber die Gruppe war dann doch so gro\u00df, das in 2 Etappen getanzt werden musste. Unsere \u2018Tanzfl\u00e4che\u2019 war eine Wiese, leider nicht ganz eben aber umso sch\u00f6ner, das trotzdem alle mitgemacht haben. Das Programm war Dank des Engagements der Tanzleiter\/innen sehr abwechslungsreich, geboten wurden Kreist\u00e4nze, T\u00e4nze zu dritt, Paar- sowie Blockt\u00e4nze und ebenfalls T\u00e4nze im Sitzen. Es war praktisch f\u00fcr jeden etwas dabei.<\/p>\n<p>Zu danken sind allen Teilnehmer\/innen f\u00fcr ihr Kommen und dem Tanzleiter\/innen, die geholfen haben, das diese Veranstaltung zu einem richtig sch\u00f6nen Fest wurde. Zu sehen waren haupts\u00e4chlich zufriedene Gesichter und auch das Wetter hat mitgespielt (bew\u00f6lkt, wenig Sonne, somit wurde es nicht zu hei\u00df). Es war ein rundum gelungenes Fest.<\/p>\n<p>Hier ein paar Bilder:<\/p>\n<p><img decoding=\"async\" alt class=\"ms-rteImage-4\" src=\"https:\/\/erlebnis-tanz.org\/hessen\/wp-content\/uploads\/sites\/9\/2021\/03\/Landesgartenschau-10.jpg\">&nbsp;<img decoding=\"async\" alt class=\"ms-rteImage-4\" src=\"https:\/\/erlebnis-tanz.org\/hessen\/wp-content\/uploads\/sites\/9\/2021\/03\/Landesgartenschau-07.jpg\">&nbsp;<img decoding=\"async\" alt class=\"ms-rteImage-4\" src=\"https:\/\/erlebnis-tanz.org\/hessen\/wp-content\/uploads\/sites\/9\/2021\/03\/Landesgartenschau-23.jpg\">&nbsp;<img decoding=\"async\" alt class=\"ms-rteImage-4\" src=\"https:\/\/erlebnis-tanz.org\/hessen\/wp-content\/uploads\/sites\/9\/2021\/03\/Landesgartenschau-30.jpg\">&nbsp;<img decoding=\"async\" alt class=\"ms-rteImage-4\" src=\"https:\/\/erlebnis-tanz.org\/hessen\/wp-content\/uploads\/sites\/9\/2021\/03\/Landesgartenschau-18.jpg\">&nbsp;<img decoding=\"async\" alt class=\"ms-rteImage-4\" src=\"https:\/\/erlebnis-tanz.org\/hessen\/wp-content\/uploads\/sites\/9\/2021\/03\/Landesgartenschau-13.jpg\"><\/p>\n<p style=\"margin-top: -17px\">BILDNACHWEIS: Ehrwart Racky<\/p>\n<p>Eine Bilderauswahl zum Tanzfest finden Sie&nbsp;<a href=\"https:\/\/erlebnis-tanz.org\/hessen\/veranstaltungsnachlese\/landesgartenschau-2018\/\">hier<\/a><\/p>\n<h4 style=\"margin-top: 40px\">  Landesversammlung Hessen  <\/h4>\n<p style=\"margin-top: -8px\"><strong>2018 in M\u00fccke-Flensungen<\/strong><\/p>\n<p>\u201eWie schnell wieder drei Jahre herumgegangen sind\u201c bemerkte Gisela Floss zu ihrer vergangenen Amtszeit als Landesvorsitzende des Landesverbandes Hessen. Sie berichtete anl\u00e4sslich der Landesversammlung am 24. M\u00e4rz in M\u00fccke \u00fcber die in diesen Jahren geleistete Arbeit: diverse Tanz-Events, Veranstaltungen, Seminare und Ausbildungslehrg\u00e4nge seit dem Jahr 2015 \u2013 mit der R\u00fcckschau tat sich f\u00fcr uns alle eine beachtliche F\u00fclle auf! Der Vorstand konnte f\u00fcr seine Arbeit in vollstem Einvernehmen entlastet werden und wir dankten f\u00fcr die hervorragende Vorstandsarbeit in den letzten drei Jahren. Nun stand die Neuwahl und Nominierung des neuen Vorstandes an. Wir freuen uns sehr, dass Gisela Floss sich bereit erkl\u00e4rte, den Landesvorsitz f\u00fcr Hessen f\u00fcr weitere drei Jahre zu \u00fcbernehmen. Auch Anita Krey (Stellvertretende Vorsitzende) und Rolf Krey (Schatzmeister) bleiben im Vorstand, zu Beisitzern wurde Christina Voce (zust\u00e4ndig f\u00fcr Veranstaltungen) und Ehrwart Racky (mit Schwerpunkt Homepage) gew\u00e4hlt. Die Rechnungspr\u00fcfung liegt weiterhin in den bew\u00e4hrten H\u00e4nden von Dieter Penschow und Gabriele Hofmann. Wir w\u00fcnschen dem neuen Vorstand viel Erfolg in den n\u00e4chsten drei Jahren bei&nbsp; seiner verantwortungsvollen T\u00e4tigkeit.<\/p>\n<div class=\"pbs-row\" style=\"min-height: 200px\">\n<div class=\"pbs-col\" style=\"flex-basis: 50%;justify-content: center\">\n<p><img decoding=\"async\" alt class=\"ms-rteImage-4\" height=\"248\" src=\"https:\/\/erlebnis-tanz.org\/hessen\/wp-content\/uploads\/sites\/9\/2021\/03\/Vorstand-LVH-2018-Web.jpg\"><\/p>\n<\/div>\n<div class=\"pbs-col\" style=\"flex-basis: 50%;justify-content: center\"><\/div>\n<\/div>\n<p style=\"margin-top: -38px\">Vorstand des LV Hessen 2018<\/p>\n<p>Im Rahmen der Landesversammlung wurden au\u00dferdem \u201eJubilare\u201c f\u00fcr ihre langj\u00e4hrige Mitgliedschaft geehrt. Eine besondere \u00dcberraschung f\u00fcr uns alle war Carla Peters aus Offenbach, die mit 51 Jahren bereits eine 30ig-j\u00e4hrige Mitgliedschaft aufwies. Sie erz\u00e4hlte, dass sie das \u201eZiehkind\u201c von Suse-Marie Frisch gewesen war und auch noch Ilse Tutt hat kennenlernen d\u00fcrfen. Toll sei f\u00fcr sie, dass sie bei \u00e4lteren Tanzbeschreibungen noch wisse, welche Person sich hinter den Choreographen verbirgt. Neben Carla Peters wurden Helma Steinig f\u00fcr 25 Jahre Mitgliedschaft, Inge Penschow und Elke Schmock f\u00fcr 20 Jahre geehrt. Wir gratulieren herzlich auch allen anderen Jubilaren dieses Jahres.<\/p>\n<p>Bericht und Fotos: Cornelia Six<\/p>\n<div class=\"pbs-row\" style=\"min-height: 200px\">\n<div class=\"pbs-col\" style=\"flex-basis: 50%;justify-content: center\">\n<p><img decoding=\"async\" alt class=\"ms-rteImage-4\" height=\"248\" src=\"https:\/\/erlebnis-tanz.org\/hessen\/wp-content\/uploads\/sites\/9\/2021\/03\/Ehrungen-2018-Web.jpg\"><\/p>\n<\/div>\n<div class=\"pbs-col\" style=\"flex-basis: 50%;justify-content: center\"><\/div>\n<\/div>\n<p style=\"margin-top: -38px\">Die Jubilare in 2018<\/p>\n<h4 style=\"margin-top: 39px\">  AKL Sitzung am 1.\/2. Dez. 2017 in M\u00fccke  <\/h4>\n<p>Es ist ja eigentlich noch nicht so lange her, dass wir uns zum AKL Treffen in M\u00fccke versammelt hatten \u2013 so kam es zumindest vielen Teilnehmerinnen vor. Ein Jahr ist schon wieder vor\u00fcber und ein Erfahrungsaustausch ist sinnvoll und erforderlich. Denn einige Tagesordnungspunkte erforderten doch eine etwas intensivere Besch\u00e4ftigung um up to date zu sein. Dazu geh\u00f6rte z.B. der Einsatz des Computers mit der neuen Mitgliederverwaltung;<\/p>\n<p>aber auch die Verwendung des Markenzeichens \u201eErlebnisTanz\u201c. Nicht alle Teilnehmerinnen waren alte Hasen, sondern waren gerade erst in die AK Leitung gew\u00e4hlt worden.<\/p>\n<p>Einige haben nach vielen Jahren AK Leitung die Aufgabe an J\u00fcngere \u00fcbergeben. Den Neuen w\u00fcnschte Gisela Flo\u00df viel Erfolg und den Ehemaligen dankte sie herzlich mit einem kleinen Dankesch\u00f6npr\u00e4sent (siehe Foto). Als Ausgleich zur geistigen Arbeit wurde (nat\u00fcrlich!) auch getanzt und so wurde die Zeit nicht nur erfolgreich genutzt, sondern war auch im Nu verflogen und wir verabredeten uns f\u00fcr 2018. Bis dahin viel Gesundheit zum Tanzen.<\/p>\n<div class=\"pbs-row\" style=\"min-height: 200px\">\n<div class=\"pbs-col\" style=\"flex-basis: 50%;justify-content: center\">\n<p><img decoding=\"async\" alt class=\"ms-rteImage-4\" height=\"248\" src=\"https:\/\/erlebnis-tanz.org\/hessen\/wp-content\/uploads\/sites\/9\/2021\/03\/AKL-2017.jpg\"><\/p>\n<\/div>\n<div class=\"pbs-col\" style=\"flex-basis: 50%;justify-content: center\"><\/div>\n<\/div>\n<h4 style=\"margin-top: 40px\">  <strong>Auf zum Tanzfest nach Berlin \u2013 Die Hessen kommen!<\/strong>  <\/h4>\n<p>Eine Delegation aus Kassel und Fulda war zum Tanzfest anl\u00e4sslich des 40-j\u00e4hrigen Jubil\u00e4ums des BVST zur IGA in Berlin angereist. Der Bundesvorstand hatte ein umfangreiches, sch\u00f6nes Tanzprogramm zusammengestellt. Barbara Steltner und Helga Schewe f\u00fchrten mit ihren Tanzansagen gekonnt und flott&nbsp; durch das Tanzfest. Die vielen sch\u00f6nen T\u00e4nze wurden von den gef\u00fchlten \u00fcber 1400 T\u00e4nzern bei sch\u00f6nem Sommerwetter und guter Laune getanzt. Die Zeit verging im Flug und wir h\u00e4tten gern noch weiter getanzt. Die Resonanz war bei allen sehr positiv und so freuen wir uns auf das n\u00e4chste Tanzfest.<\/p>\n<div class=\"pbs-row\" style=\"min-height: 200px\">\n<div class=\"pbs-col\" style=\"flex-basis: 50%;justify-content: center\">\n<p><img decoding=\"async\" alt class=\"ms-rteImage-4\" height=\"248\" src=\"https:\/\/erlebnis-tanz.org\/hessen\/wp-content\/uploads\/sites\/9\/2021\/03\/LV-IGA-Berlin-2017.JPG\"><\/p>\n<\/div>\n<div class=\"pbs-col\" style=\"flex-basis: 50%;justify-content: center\"><\/div>\n<\/div>\n<h4 style=\"margin-top: 40px\">  Tanzfest 35 (+1) Jahre Landesverband Hessen  <\/h4>\n<p>Am 10.05. lud der Landesverband Hessen zu einem Jubil\u00e4umsfest in die Stadthalle Baunatal ein. Nachdem die Anmeldungen anfangs recht z\u00f6gerlich eintrafen, gab es doch eine sehr gute Beteiligung aus den verschiedenen Arbeitskreisen.<\/p>\n<p>Unsere Landesvorsitzende, Frau Gisela Flo\u00df, begr\u00fc\u00dfte die Teilnehmer sowie die G\u00e4ste aufs Herzlichste und berichtete \u00fcber die Anf\u00e4nge unseres Landesverbandes.<\/p>\n<p>Heute war fast alles in Frauenh\u00e4nden: Gru\u00dfworte \u00fcberbrachten Frau Silke Engler, 1. Stadtr\u00e4tin der Stadt Baunatal und Frau Helga Engelke, die u.a. stellvertretende Vorsitzende der Landes\u00adsenioren\u00advertretung in Hessen und auch Vorsitzende des Seniorenbeirates der Stadt Kassel ist.<\/p>\n<p>Dann wurde es h\u00f6chste Zeit selbst zu tanzen. Ein sch\u00f6nes, vielf\u00e4ltiges Programm war vorbereitet. So wurde mit dem obligatorischen \u201aFr\u00f6hlichen Kreis\u2019 angefangen. Einige versierte Tanzleiterinnen sowie ein Tanzleiter hatten sich f\u00fcr eine Tanzansage bereit erkl\u00e4rt, so dass die T\u00e4nze recht flott umgesetzt werden konnten. Wer wollte, konnte sich zwischendurch eine Aus-Zeit g\u00f6nnen um bei Kaffee und Kuchen ein wenig zu plaudern, und dann anschlie\u00dfend wohl gest\u00e4rkt wieder auf dem Parkett zu stehen.<\/p>\n<p>Auch Ehrungen fanden an diesem Tag statt. Frau Flo\u00df \u00fcberreichte jeweils eine Ehrenurkunde des Bundesverbandes sowie eine Rose f\u00fcr 20j\u00e4hrige, 25j\u00e4hrige und 30j\u00e4hrige Mitgliedschaften und dankte allen f\u00fcr ihre Treue zum Bundesverband Seniorentanz und w\u00fcnschte ihnen auch f\u00fcr die Zukunft viel Gesundheit und Spa\u00df am Tanzen.<\/p>\n<p>Frau Flo\u00df dankte in diesem Rahmen auch allen Tanzleiter\/Innen f\u00fcr ihre Arbeit in ihren Tanzgruppen und bat sie f\u00fcr ein Erinnerungsfoto auf die Fl\u00e4che. F\u00fcr ihr Engagement erhielten alle eine Rose und wurden mit einem kr\u00e4ftigen Applaus der Anwesenden belohnt.<\/p>\n<p>Drei Stunden geselliges Tanzen verflogen im Nu, einschlie\u00dflich eines Wiedersehens vieler T\u00e4nzerinnen und T\u00e4nzer, angeregte Gespr\u00e4che und zahllose Erinnerungen. Das alles konnte man an diesem Tag erleben.<\/p>\n<p>Wir sehen uns n\u00e4chstes Jahr wieder!<\/p>\n<div class=\"pbs-row\" style=\"min-height: 200px\">\n<div class=\"pbs-col\" style=\"flex-basis: 52.061%;justify-content: center;padding-right: 130px\">\n<p><img decoding=\"async\" alt class=\"ms-rteImage-4\" height=\"248\" src=\"https:\/\/erlebnis-tanz.org\/hessen\/wp-content\/uploads\/sites\/9\/2021\/03\/Tanzfest-1005-1.jpg\"><\/p>\n<\/div>\n<div class=\"pbs-col\" style=\"flex-basis: 47.9374%;justify-content: center;padding-left: 4px;padding-right: 20px\">\n<p><img decoding=\"async\" alt class=\"ms-rteImage-4\" height=\"248\" src=\"https:\/\/erlebnis-tanz.org\/hessen\/wp-content\/uploads\/sites\/9\/2021\/03\/Tanzfest-1005-2.jpg\"><\/p>\n<\/div>\n<\/div>\n<h4 style=\"margin-top: 40px\">  Nachlese Englische Kontrat\u00e4nze mit Frieda Van Vlaenderen  <\/h4>\n<p>Vom 20.03. bis zum 22.03.2017 hatte der LV Hessen Frieda Van Vlaenderen zum einem Workshop f\u00fcr englische Kontrat\u00e4nze und mehr eingeladen. &nbsp;Aus allen Richtungen Deutschlands kamen die T\u00e4nzer\/-innen und freuten sich auf &nbsp;vielseitige und sicher auch nicht immer ganz einfache T\u00e4nze.<\/p>\n<p>Sie wurden von Frieda nicht entt\u00e4uscht. Zum Gl\u00fcck hatte sie Ihr Tanzprogramm mit einigen T\u00e4nzen bereichert, die den Teilnehmern auch mal Zeit zum Tanzen und Tr\u00e4umen lie\u00df. Auch mit einigen Informationen zu den T\u00e4nzen und\/oder Choreografen konnte Frieda aufwarten. So war es immer interessant und alle warteten auf die Ansagen f\u00fcr den n\u00e4chsten Tanz. Zum Schluss waren sich alle einig: das muss nochmal wiederholt werden.<\/p>\n<p>Bis dahin alles Gute und viele sch\u00f6ne Tanzstunden:&nbsp;<strong>Auf Wiedersehen!<\/strong><\/p>\n<div class=\"pbs-row\" style=\"min-height: 200px\">\n<div class=\"pbs-col\" style=\"flex-basis: 50%;justify-content: center\">\n<p><img decoding=\"async\" alt class=\"ms-rteImage-4\" height=\"248\" src=\"https:\/\/erlebnis-tanz.org\/hessen\/wp-content\/uploads\/sites\/9\/2021\/03\/FVV-17-Muecke-2.jpg\"><\/p>\n<\/div>\n<div class=\"pbs-col\" style=\"flex-basis: 50%;justify-content: center\">\n<p><img decoding=\"async\" alt class=\"ms-rteImage-4\" height=\"248\" src=\"https:\/\/erlebnis-tanz.org\/hessen\/wp-content\/uploads\/sites\/9\/2021\/03\/FVV-17-Muecke-1.jpg\"><\/p>\n<\/div>\n<\/div>\n<h4 style=\"margin-top: 40px\">  Tanztage in M\u00fccke 2016  <\/h4>\n<div class=\"pbs-row\" style=\"min-height: 200px\">\n<div class=\"pbs-col\" style=\"flex-basis: 49.5884%;justify-content: center;padding-right: 113px\">\n<p><img decoding=\"async\" alt class=\"ms-rteImage-4\" height=\"248\" src=\"https:\/\/erlebnis-tanz.org\/hessen\/wp-content\/uploads\/sites\/9\/2021\/03\/TTaF-Sep-16-01.jpg\"><\/p>\n<\/div>\n<div class=\"pbs-col\" style=\"flex-basis: 50.4116%;justify-content: center;padding-left: 0px;padding-right: 11px\">\n<p><img decoding=\"async\" alt class=\"ms-rteImage-4\" height=\"248\" src=\"https:\/\/erlebnis-tanz.org\/hessen\/wp-content\/uploads\/sites\/9\/2021\/03\/TTaF-Sep-16-03.jpg\" style=\"height: auto;width: 360px\"><\/p>\n<\/div>\n<\/div>\n<div class=\"pbs-row\" style=\"min-height: 200px\">\n<div class=\"pbs-col\" style=\"flex-basis: 50%;justify-content: center\">\n<p><img decoding=\"async\" alt class=\"ms-rteImage-4\" height=\"248\" src=\"https:\/\/erlebnis-tanz.org\/hessen\/wp-content\/uploads\/sites\/9\/2021\/03\/TTaF-Sep-16-05.jpg\"><\/p>\n<\/div>\n<div class=\"pbs-col\" style=\"flex-basis: 50%;justify-content: center\">\n<p><img decoding=\"async\" alt class=\"ms-rteImage-4\" height=\"248\" src=\"https:\/\/erlebnis-tanz.org\/hessen\/wp-content\/uploads\/sites\/9\/2021\/03\/TTaF-Sep-16-07.jpg\" style=\"height: auto;width: 295px\"><\/p>\n<\/div>\n<\/div>\n<p>An zwei Terminen, im September und Oktober, fanden im Flensunger Hof in M\u00fccke wieder die beliebten Tanztage statt; sie waren schnell ausgebucht. Mit dem bew\u00e4hrten Referententeam, Gisela Flo\u00df und Helga Schewe wurden T\u00e4nze der Tem 5, aber auch viele der ISDC T\u00e4nze vermittelt und getanzt. Die Abende wurden in geselliger Runde nicht nur zum \u201eKlatsch und Tratscht\u201c sondern auch zum Erfahrungsaustausch genutzt. Wir freuen uns auf die Tanztage M\u00fccke in 2017.<\/p>\n<div data-ce-tag=\"spacer\"><\/div>\n<\/div>","protected":false},"excerpt":{"rendered":"<p>Tanzfest zur Landesgartenschau Fulda (17. Juni 2023) Ach, wie sch\u00f6n Tanzfeste doch sein k\u00f6nnen! Der Landesverband Hessen hatte f\u00fcr den 17.06. zu einem Tanzfest anl\u00e4sslich der Landesgartenschau in Fulda alle &hellip;<\/p>\n","protected":false},"author":1,"featured_media":0,"parent":0,"menu_order":0,"comment_status":"closed","ping_status":"closed","template":"fullwidth.php","meta":{"footnotes":""},"class_list":["post-141","page","type-page","status-publish","hentry"],"_links":{"self":[{"href":"https:\/\/erlebnis-tanz.org\/hessen\/wp-json\/wp\/v2\/pages\/141","targetHints":{"allow":["GET"]}}],"collection":[{"href":"https:\/\/erlebnis-tanz.org\/hessen\/wp-json\/wp\/v2\/pages"}],"about":[{"href":"https:\/\/erlebnis-tanz.org\/hessen\/wp-json\/wp\/v2\/types\/page"}],"author":[{"embeddable":true,"href":"https:\/\/erlebnis-tanz.org\/hessen\/wp-json\/wp\/v2\/users\/1"}],"replies":[{"embeddable":true,"href":"https:\/\/erlebnis-tanz.org\/hessen\/wp-json\/wp\/v2\/comments?post=141"}],"version-history":[{"count":36,"href":"https:\/\/erlebnis-tanz.org\/hessen\/wp-json\/wp\/v2\/pages\/141\/revisions"}],"predecessor-version":[{"id":644,"href":"https:\/\/erlebnis-tanz.org\/hessen\/wp-json\/wp\/v2\/pages\/141\/revisions\/644"}],"wp:attachment":[{"href":"https:\/\/erlebnis-tanz.org\/hessen\/wp-json\/wp\/v2\/media?parent=141"}],"curies":[{"name":"wp","href":"https:\/\/api.w.org\/{rel}","templated":true}]}}