{"id":186,"date":"2021-03-07T15:16:35","date_gmt":"2021-03-07T14:16:35","guid":{"rendered":"https:\/\/erlebnis-tanz.org\/saarlorlux\/?page_id=186"},"modified":"2025-04-18T12:08:11","modified_gmt":"2025-04-18T10:08:11","slug":"aktuelles","status":"publish","type":"page","link":"https:\/\/erlebnis-tanz.org\/saarlorlux\/aktuelles\/","title":{"rendered":"Aktuelles aus dem Landesverband"},"content":{"rendered":"<div class=\"pbs-main-wrapper\"><div class=\"pbs-row\" style=\"min-height: 200px\">\n<h1 class=\"pbs-col\" style=\"justify-content: center;padding-top: 2px\">    <\/h1>\n<div class=\"pbs-col\"><\/div>\n<\/div>\n<div class=\"pbs-row\" data-da-styleinline=\"true\" style=\"min-height: 329px;margin-top: -115px\">\n<div class=\"pbs-col\" data-da-styleinline=\"true\" style=\"justify-content: center;padding-top: 116px\">\n<h3 data-da-down=\"394\" data-da-focused=\"false\" data-da-header=\"true\" data-da-id=\"393\" data-da-next=\"394\" data-da-prev=\"392\" data-da-up=\"392\">  <span data-da-styleinline=\"true\" style=\"color: #fe9631;font-weight: bold\">\u2013 Update November 2025 \u2013<\/span>  <\/h3>\n<h3 data-da-down=\"395\" data-da-focused=\"false\" data-da-header=\"true\" data-da-id=\"394\" data-da-next=\"395\" data-da-prev=\"393\" data-da-up=\"393\">  <span data-da-styleinline=\"true\" style=\"color: #ff6600\">Es gibt neue AK-Leitungen in SaarLorLux! Schnell mal anklicken!<\/span>  <\/h3>\n<p><a data-da-down=\"396\" data-da-focused=\"false\" data-da-id=\"395\" data-da-link-item=\"true\" data-da-next=\"396\" data-da-prev=\"394\" data-da-up=\"394\" href=\"https:\/\/erlebnis-tanz.org\/saarlorlux\/ak-saarbruecken-3\/\" style=\"color:#fe9631;\">AK Saarbr\u00fccken<\/a><span style=\"color:#fe9631;\">-Luxemburg<\/span><\/p>\n<p><a data-da-down=\"398\" data-da-focused=\"false\" data-da-id=\"397\" data-da-link-item=\"true\" data-da-next=\"398\" data-da-prev=\"396\" data-da-up=\"396\" href=\"https:\/\/erlebnis-tanz.org\/saarlorlux\/ak-wadgassen-schaffhausen\/\">AK Wadgassen-Schaffhausen<\/a><\/p>\n<p><a data-da-down=\"399\" data-da-focused=\"false\" data-da-id=\"398\" data-da-link-item=\"true\" data-da-next=\"399\" data-da-prev=\"397\" data-da-up=\"397\" href=\"https:\/\/erlebnis-tanz.org\/saarlorlux\/ak-tis-saarlorlux\/\">AK TiS SaarLorLux<\/a><\/p>\n<\/div>\n<\/div>\n<hr>\n<h2 data-da-down=\"400\" data-da-focused=\"false\" data-da-header=\"true\" data-da-id=\"399\" data-da-next=\"400\" data-da-prev=\"398\" data-da-up=\"398\">  <span data-da-styleinline=\"true\" style=\"color: #ff6600\">Fotos der AK-Teams bei den Wahlen der Jahre 2017-2021<\/span>  <\/h2>\n<h4 data-da-down=\"401\" data-da-focused=\"false\" data-da-header=\"true\" data-da-id=\"400\" data-da-next=\"401\" data-da-prev=\"399\" data-da-styleinline=\"true\" data-da-up=\"399\" style=\"margin-top: 40px\">  <span data-da-styleinline=\"true\" style=\"color: #ff6600\">AK Rehlingen-Hesperange wurde 2025 aufgel\u00f6st<\/span>  <\/h4>\n<p><img alt=\"IMG_0013 klein.jpg\" data-da-down=\"402\" data-da-focused=\"false\" data-da-id=\"401\" data-da-img=\"true\" data-da-next=\"402\" data-da-prev=\"400\" data-da-up=\"400\" decoding=\"async\" fetchpriority=\"high\" height=\"300\" src=\"https:\/\/erlebnis-tanz.org\/saarlorlux\/wp-content\/uploads\/sites\/3\/2021\/03\/IMG_0013-klein.jpg\" width=\"310\"><\/p>\n<p data-da-styleinline=\"true\" style=\"margin-top: -34px\">Edith Colbus \u2013 Kasse, Jos\u00e9e Hippert \u2013 Beisitz, Wilma Zimnoch \u2013 AK-Leitung, Ute Ott-Guth \u2013 Stellvertreterin<\/p>\n<h4 data-da-down=\"403\" data-da-focused=\"false\" data-da-header=\"true\" data-da-id=\"402\" data-da-next=\"403\" data-da-prev=\"401\" data-da-styleinline=\"true\" data-da-up=\"401\" style=\"margin-top: 40px; margin-bottom: 11px;\">  <span data-da-styleinline=\"true\" style=\"color: #ff6600\">AK Saarbr\u00fccken-Luxemburg neuer AK ab 2025<\/span>  <\/h4>\n<p style=\"margin-bottom: 57px; margin-top: -7px;\"><img loading=\"lazy\" alt=\"IMG_0008 (2) ak vs dez17.jpg\" data-da-down=\"405\" data-da-focused=\"false\" data-da-id=\"403\" data-da-img=\"true\" data-da-next=\"404\" data-da-prev=\"402\" data-da-right=\"404\" data-da-up=\"402\" decoding=\"async\" height=\"299\" src=\"https:\/\/erlebnis-tanz.org\/saarlorlux\/wp-content\/uploads\/sites\/3\/2021\/03\/IMG_0008-2-AK-VS-Dez17.jpg\" width=\"229\">&nbsp;<img loading=\"lazy\" alt=\"IMG_0012 (3).jpg\" data-da-down=\"405\" data-da-focused=\"false\" data-da-id=\"404\" data-da-img=\"true\" data-da-left=\"403\" data-da-next=\"405\" data-da-prev=\"403\" data-da-up=\"402\" decoding=\"async\" height=\"300\" src=\"https:\/\/erlebnis-tanz.org\/saarlorlux\/wp-content\/uploads\/sites\/3\/2021\/03\/IMG_0012-3.JPG\" width=\"195\"><\/p>\n<p data-da-styleinline=\"true\" style=\"margin-top: -33px\">Ilona Scholtes \u2013stellv. AK-Leiterin&nbsp; &nbsp; &nbsp; &nbsp;Ute Ott-Guth \u2013 AK-Leiterin<\/p>\n<h4 data-da-down=\"407\" data-da-focused=\"false\" data-da-header=\"true\" data-da-id=\"406\" data-da-next=\"407\" data-da-prev=\"405\" data-da-styleinline=\"true\" data-da-up=\"405\" style=\"margin-top: 40px\">  <span data-da-styleinline=\"true\" style=\"color: #ff6600\">AK Wadgassen-Schaffhausen<\/span>  <\/h4>\n<p><img alt=\"IMG_20171212_163411 (2) ak vs dez 17.jpg\" data-da-down=\"408\" data-da-focused=\"false\" data-da-id=\"407\" data-da-img=\"true\" data-da-next=\"408\" data-da-prev=\"406\" data-da-up=\"406\" decoding=\"async\" height=\"300\" loading=\"lazy\" src=\"https:\/\/erlebnis-tanz.org\/saarlorlux\/wp-content\/uploads\/sites\/3\/2021\/03\/IMG_20171212_163411-2-AK-VS-DEZ-17.jpg\" width=\"388\"><\/p>\n<p data-da-styleinline=\"true\" style=\"margin-top: -33px\">(Foto: Hiltrud Steier) v.l.n.r.:<br \/> Anna-Maria Gr\u00fcn \u2013&nbsp; AK Leiterin, Hiltrud Steier, \u2013&nbsp; Stellvertreterin, Magdalena Adams \u2013 Kassiererin<\/p>\n<h4 data-da-down=\"409\" data-da-focused=\"false\" data-da-header=\"true\" data-da-id=\"408\" data-da-next=\"409\" data-da-prev=\"407\" data-da-styleinline=\"true\" data-da-up=\"407\" style=\"margin-top: 40px\">  <span data-da-styleinline=\"true\" style=\"color: #ff6600\">AK&nbsp;TiS SaarLorLux<\/span>  <\/h4>\n<div class=\"pbs-row\" style=\"min-height: 200px;\">\n<div class=\"pbs-col\" style=\"justify-content: center; align-items: flex-start; flex-basis: 50%; padding-right: 178px; padding-left: 4px;\">\n<p><img loading=\"lazy\" decoding=\"async\" alt class=\"size-medium wp-image-1082 aligncenter\" height=\"212\" src=\"https:\/\/erlebnis-tanz.org\/saarlorlux\/wp-content\/uploads\/sites\/3\/2025\/04\/WhatsApp-Bild-2025-01-19-um-15.04.05_9dc341a9-300x212.jpg\" width=\"300\" srcset=\"https:\/\/erlebnis-tanz.org\/saarlorlux\/wp-content\/uploads\/sites\/3\/2025\/04\/WhatsApp-Bild-2025-01-19-um-15.04.05_9dc341a9-300x212.jpg 300w, https:\/\/erlebnis-tanz.org\/saarlorlux\/wp-content\/uploads\/sites\/3\/2025\/04\/WhatsApp-Bild-2025-01-19-um-15.04.05_9dc341a9-1024x724.jpg 1024w, https:\/\/erlebnis-tanz.org\/saarlorlux\/wp-content\/uploads\/sites\/3\/2025\/04\/WhatsApp-Bild-2025-01-19-um-15.04.05_9dc341a9-768x543.jpg 768w, https:\/\/erlebnis-tanz.org\/saarlorlux\/wp-content\/uploads\/sites\/3\/2025\/04\/WhatsApp-Bild-2025-01-19-um-15.04.05_9dc341a9.jpg 1303w\" sizes=\"auto, (max-width: 300px) 100vw, 300px\" \/><\/p>\n<\/div>\n<div class=\"pbs-col\" style=\"flex-grow: 1; justify-content: center; flex-basis: 50%;\"><\/div>\n<\/div>\n<p data-da-styleinline=\"true\" style=\"margin-top: -33px\">(Foto U. Ott) v.l.n.r.:<br \/> Ingeborg Schweitzer \u2013 AK-Leiterin, Jolanthe Lewandowski Stellvertreterin, Manfred Schweitzer Kasse<\/p>\n<h4 data-da-down=\"411\" data-da-focused=\"false\" data-da-header=\"true\" data-da-id=\"410\" data-da-next=\"411\" data-da-prev=\"409\" data-da-styleinline=\"true\" data-da-up=\"409\" style=\"margin-top: 40px\">  <span data-da-styleinline=\"true\" style=\"color: #0000ff\">Landesvorstand SaarLorLux (2025-2028)<\/span>  <\/h4>\n<p><img alt=\"IMG_0012 (3).jpg\" data-da-down=\"412\" data-da-focused=\"false\" data-da-id=\"411\" data-da-img=\"true\" data-da-next=\"412\" data-da-prev=\"410\" data-da-up=\"410\" decoding=\"async\" height=\"300\" loading=\"lazy\" src=\"https:\/\/erlebnis-tanz.org\/saarlorlux\/wp-content\/uploads\/sites\/3\/2021\/03\/IMG_0012-3.JPG\" width=\"195\"><\/p>\n<p data-da-styleinline=\"true\" style=\"margin-top: -34px\">(Foto: U. Ott)<br \/> Frau Ute Ott-Guth, im Dez. 2017, Teammitglied im LV SLL, AK-Leitung Saarbr\u00fccken, Stellvertretung AK-Leiterin Rehlingen-Hesperange,<br \/> seit Januar 2018 stellvertretende LV<\/p>\n<p><img alt=\"IMG_0030 (2) ak vs dez 2017.jpg\" data-da-down=\"413\" data-da-focused=\"false\" data-da-id=\"412\" data-da-img=\"true\" data-da-next=\"413\" data-da-prev=\"411\" data-da-up=\"411\" decoding=\"async\" height=\"300\" loading=\"lazy\" src=\"https:\/\/erlebnis-tanz.org\/saarlorlux\/wp-content\/uploads\/sites\/3\/2021\/03\/IMG_0030-2-Ak-VS-Dez-2017.jpg\" width=\"308\"><\/p>\n<p data-da-styleinline=\"true\" style=\"margin-top: -32px\">Foto: U. Ott)<br \/> Herr Manfred Schweitzer, im Dez. noch Schatzmeister, seit Januar 2018 Landesvorstand SaarLorLux,<br \/> Mitglied im Bundesvorstand seit Mai 2018 (DVO)<\/p>\n<h4 data-da-down=\"414\" data-da-focused=\"false\" data-da-header=\"true\" data-da-id=\"413\" data-da-next=\"414\" data-da-prev=\"412\" data-da-styleinline=\"true\" data-da-up=\"412\" style=\"margin-top: 40px\">  VERANSTALTUNGSANK\u00dcNDIGUNGEN  <\/h4>\n<p>Wir berichten hier&nbsp;\u00fcber unsere Zusammenarbeit mit den Luxemburgern Verbandsmitgliedern<\/p>\n<h4 data-da-down=\"415\" data-da-focused=\"false\" data-da-header=\"true\" data-da-id=\"414\" data-da-next=\"415\" data-da-prev=\"413\" data-da-styleinline=\"true\" data-da-up=\"413\" style=\"margin-top: 40px\">  \u2014\u2014\u2014\u2014\u2014\u2013 R\u00dcCKBLICK AUF VERGANGENES \u2014\u2014\u2014\u2014\u2014\u2014\u2013  <\/h4>\n<h4 data-da-down=\"416\" data-da-focused=\"false\" data-da-header=\"true\" data-da-id=\"415\" data-da-next=\"416\" data-da-prev=\"414\" data-da-styleinline=\"true\" data-da-up=\"414\" style=\"margin-top: 40px\">  R\u00fcckblick 2018  <\/h4>\n<p data-da-styleinline=\"true\" style=\"margin-bottom: 16px;font-family: 'helvetica neue', helvetica, arial, sans-serif\"><span data-da-styleinline=\"true\" style=\"font-weight: bold\">Senioren-Tanz-Freizeit in Braunshausen<br \/> Kein Hitzefrei! Tanzwochenende in Braunshausen trotz hoher Temperaturen<\/span><\/p>\n<p>Dieses Jahr erreichten wir beim j\u00e4hrlichen Tanzwochenende eine neue Rekordteilnehmerzahl. 34 Damen, darunter f\u00fcnf Luxemburgerinnen, im klimatisierten Saal des Sportlerheims Petersberg \u2013 und sie schwitzten. Trotz Klimaanlage? Ja, denn sie tanzten mit viel Hingabe.<\/p>\n<p>Das traditionelle j\u00e4hrliche Tanzwochenende mit Monika M\u00f6ll fand vom 27. bis zum 29. Juli in Braunshausen, im G\u00e4stehaus des saarl\u00e4ndischen Turnerbundes statt. Wegen der diesj\u00e4hrigen besonders hohen Zahl an Anmeldungen mussten sich viele der Damen zu zweit ein Zimmer teilen. Doch das tat der Stimmung keinen Abbruch. Im Gegenteil: Man hatte Spa\u00df daran.<\/p>\n<p>In Kooperation mit dem Landesverband SaarLorLux, vertreten durch die Tanzleiterin und stellvertretende Landesvorsitzende Ute Ott-Guth, tanzten sich 34 Damen in den Schwei\u00df. Und trotzdem waren sie alle am Abend wieder auf der Terrasse und sangen bei Bier und Wein die sch\u00f6nsten Lieder. Auch ein kleiner bunter Abend mit kabarettistischen Einlagen von Monika M\u00f6ll, Elfie Sch\u00f6pchen und Renate Franke stand auf dem Programm.<\/p>\n<p>Jetzt freuen wir uns schon auf das n\u00e4chste Tanzwochenende, denn Monika M\u00f6ll hat das Haus schon fest gebucht. (Bei dem guten Service ist es kein Wunder, dass man so fr\u00fch buchen muss. Danke sch\u00f6n daf\u00fcr!). Was ich noch zu tun habe? Ich schreibe an Petrus da oben einen Brief, dass er die Temperaturen w\u00e4hrend dieser Zeit ein bisschen niedriger ansetzen soll.<\/p>\n<p>Ute Ott-Guth<\/p>\n<p>BU:&nbsp;Viel Spa\u00df mit Tanz, Gesang und kabarettistischen Einlagen hatten die 34 Damen beim j\u00e4hrlichen Tanzwochenende in Braunshausen im Saarland.<\/p>\n<p>Fotos: Irmgard Stahl<\/p>\n<p><img alt=\"Bunter abend 2 verkleinert.jpg\" data-da-down=\"418\" data-da-focused=\"false\" data-da-id=\"416\" data-da-img=\"true\" data-da-next=\"417\" data-da-prev=\"415\" data-da-right=\"417\" data-da-up=\"415\" decoding=\"async\" height=\"301\" loading=\"lazy\" src=\"https:\/\/erlebnis-tanz.org\/saarlorlux\/wp-content\/uploads\/sites\/3\/2021\/03\/Bunter-Abend-2-verkleinert.jpg\" width=\"316\">&nbsp;&nbsp;<img alt=\"bunter abend 1 verkleinert.jpg\" data-da-down=\"418\" data-da-focused=\"false\" data-da-id=\"417\" data-da-img=\"true\" data-da-left=\"416\" data-da-next=\"418\" data-da-prev=\"416\" data-da-up=\"415\" decoding=\"async\" height=\"299\" loading=\"lazy\" src=\"https:\/\/erlebnis-tanz.org\/saarlorlux\/wp-content\/uploads\/sites\/3\/2021\/03\/bunter-Abend-1-verkleinert.jpg\" width=\"284\"><\/p>\n<p><img alt=\"Gruppenbild braunshausen 1 verkleinert.jpg\" data-da-down=\"419\" data-da-focused=\"false\" data-da-id=\"418\" data-da-img=\"true\" data-da-next=\"419\" data-da-prev=\"417\" data-da-up=\"417\" decoding=\"async\" height=\"304\" loading=\"lazy\" src=\"https:\/\/erlebnis-tanz.org\/saarlorlux\/wp-content\/uploads\/sites\/3\/2021\/03\/Gruppenbild-Braunshausen-1-verkleinert.jpg\" width=\"579\"><\/p>\n<h4 data-da-down=\"420\" data-da-focused=\"false\" data-da-header=\"true\" data-da-id=\"419\" data-da-next=\"420\" data-da-prev=\"418\" data-da-styleinline=\"true\" data-da-up=\"418\" style=\"margin-top: 40px\">  SaarLorLux-Tanzfest in Bous  <\/h4>\n<p><b>Alle zehn Minuten ein T\u00e4nzchen<br \/><\/b> <strong>Rund hundert Senioren beim SaarLorLux-Tanzfest \u2013 trotz Rekord-Hitze!<\/strong><\/p>\n<p>Allj\u00e4hrlich kommt der Tag, an dem sich die Saarl\u00e4nder Seniorent\u00e4nzer auf den Weg machen. Jedes Mal mit einem anderen Ziel. Am 5. August dieses Jahres war es die S\u00fcdwesthalle in Bous bei Saarbr\u00fccken. Viele kamen in Fahrgemeinschaften, die Luxemburger brachte ein Bus. Es kamen so viele, wie schon seit vielen Jahren nicht mehr. Das war ein sch\u00f6ner Erfolg des neu gegr\u00fcndeten Vereins \u201eDANZ 50+ L\u00ebtzebuerg\u201d.<\/p>\n<p>Bei 35 Grad im Freien, und nicht viel weniger in der Halle, trafen sich rund 100 T\u00e4nzerinnen und zehn T\u00e4nzer, darunter 37 T\u00e4nzerinnen und T\u00e4nzer aus Luxemburg. Dass sie alle bei dieser Hitze \u00fcberhaupt das Haus verlassen haben, kann man ihnen nur hoch anrechnen. Aber dass sie dann auch noch die ganze Zeit auf den Beinen waren und tanzten, unglaublich! Es war einfach super!<\/p>\n<p>Als ich mir um 17 Uhr ein neues Wasser kaufen wollte, waren alle kleinen Flaschen schon weg. Das zeigt, wie durstig wir waren und wie gut wir die Ratsschl\u00e4ge der \u00c4rzte befolgten: Viel trinken bei der Hitze.<\/p>\n<p>Ich habe einmal nachgez\u00e4hlt: Zwischen 14.15 Uhr und 18 Uhr haben wir sage und schreibe 22 T\u00e4nze aufs Parket gelegt. Jetzt muss ich mal rechnen \u2013 das ist ja pro zehn Minuten ein Tanz! Wenn das mal nichts ist! Die Ausrufezeichen gehen mir nicht aus!<\/p>\n<p>Veranstaltet wurde das Fest wie schon so oft von der \u201eFachschaft Erwachsene und \u00c4ltere im STB\u201d in Kooperation mit dem BVST \u201eLandesverband SaarLorLux\u201d. Angeschlossen hatten sich wieder der Saarl\u00e4ndische Volkstanz- und Trachtenverband und der neu gegr\u00fcndete Verein \u201eDANZ 50+ L\u00ebtzebuerg asbl\u201d.<\/p>\n<p>Die T\u00e4nze haben mit gro\u00dfem Engagement angesagt: Monika M\u00f6ll, Tanzleiterin beim Turnerbund St. Johann, Landesfachwirtin im Saarl\u00e4ndischen Turnerbund sowie Organisatorin des Tanzfestes. Ute Ott-Guth, Tanzleiterin, stellvertretende Vorsitzende des Landesverbands SaarLorLux und Sekret\u00e4rin vom \u201eDANZ 50+ L\u00ebtzebuerg\u201d. Andrea Fuchs, Pr\u00e4sidentin des Volkstanz und Trachtenverbands und last but not least Claudia Klein.<\/p>\n<p>Ein gro\u00dfes Dankesch\u00f6n an dieser Stelle an die tollen T\u00e4nzerinnen und die Tanzleiter, die alle T\u00e4nze super angesagt, geleitet und getanzt haben. Ebenso einen herzlichen Dank &nbsp;an die Mitglieder vom TV Bous f\u00fcr die tolle Bewirtung.<\/p>\n<p>Ute Ott-Guth<\/p>\n<p>BU: \u00dcber einhundert Seniorent\u00e4nzer schwangen trotz Rekord-Hitze beim&nbsp;SaarLorLux-Tanzfest&nbsp;in der&nbsp;S\u00fcdwesthalle in Bous bei Saarbr\u00fccken das Tanzbein<\/p>\n<p><em>Fotos: Irmgard Stahl<\/em><\/p>\n<p><img alt=\"DSC02014 verkleinert.jpg\" data-da-down=\"421\" data-da-focused=\"false\" data-da-id=\"420\" data-da-img=\"true\" data-da-next=\"421\" data-da-prev=\"419\" data-da-up=\"419\" decoding=\"async\" height=\"301\" loading=\"lazy\" src=\"https:\/\/erlebnis-tanz.org\/saarlorlux\/wp-content\/uploads\/sites\/3\/2021\/03\/DSC02015-verkleinert.JPG\" width=\"453\"><\/p>\n<p><img alt=\"verschwitzt aber zufrieden, tl ute ott-guth verkleinert.jpg\" data-da-down=\"422\" data-da-focused=\"false\" data-da-id=\"421\" data-da-img=\"true\" data-da-next=\"422\" data-da-prev=\"420\" data-da-up=\"420\" decoding=\"async\" height=\"301\" loading=\"lazy\" src=\"https:\/\/erlebnis-tanz.org\/saarlorlux\/wp-content\/uploads\/sites\/3\/2021\/03\/verschwitzt-aber-zufrieden-TL-Ute-Ott-Guth-verkleinert.jpg\" width=\"379\"><\/p>\n<p><img alt=\"DSC02014 verkleinert.jpg\" data-da-down=\"423\" data-da-focused=\"false\" data-da-id=\"422\" data-da-img=\"true\" data-da-next=\"423\" data-da-prev=\"421\" data-da-up=\"421\" decoding=\"async\" height=\"300\" loading=\"lazy\" src=\"https:\/\/erlebnis-tanz.org\/saarlorlux\/wp-content\/uploads\/sites\/3\/2021\/03\/DSC02014-verkleinert.JPG\" width=\"453\"><\/p>\n<p data-da-styleinline=\"true\" style=\"margin-top: -33px\">Verschwitzt aber zufrieden: Tanzleiterin Ute Ott-Guth<\/p>\n<h4 data-da-down=\"424\" data-da-focused=\"false\" data-da-header=\"true\" data-da-id=\"423\" data-da-next=\"424\" data-da-prev=\"422\" data-da-styleinline=\"true\" data-da-up=\"422\" style=\"margin-top: 40px\">  R\u00fcckblick 2017  <\/h4>\n<p><strong>Meine erste Teilnahme an einer Tanzfreizeit<\/strong><\/p>\n<p>Frau Monika M\u00f6ller und Jutta Brauers hatten gerufen und alle, alle kamen.<\/p>\n<p>Nachdem ich schon letztes Jahr mitfahren wollte, aber nach Portugal in den Urlaub \u201emusste\u201c, klappte es in diesem Jahr. Zu meinem Gl\u00fcck!<\/p>\n<p>In Kooperation zwischen dem Saarl. Turnerbund und dem Landesverband SaarLorLux fand die schon traditionelle j\u00e4hrliche Tanzfreizeit vom 04. bis 06.08.2017 in Braunshausen statt.&nbsp;(Braunshausen ist die n\u00f6rdlichste Gemeinde des Saarlandes.)<\/p>\n<p>25 Tanzbegeisterte sind diesem Ruf gefolgt. Darunter auch drei Luxemburger Tanzleiterinnen.<\/p>\n<p>Monika hatte wie jedes Jahr alles toll vorbereitet und dann \u2013 konnte sie aus gesundheitlichen Gr\u00fcnden nicht mitfahren.<\/p>\n<p>Und noch ein Stolperstein: Jutta hatte sich die Freizeit erst f\u00fcr das darauffolgende Wochenende eingeplant. Erst durch die Nachricht von Monika wurde ihr bewusst, dass es jetzt Dalli-Dalli gehen musst. Sollte sie ganz alleine die Tanzfreizeit durchf\u00fchren?<\/p>\n<p>JETZT kommts: Ich wurde von Jutta gefragt, ob ich mir vorstellen k\u00f6nnte, mit ihr die Tanzansagen zu machen!<\/p>\n<p>Also, den Stier bei den H\u00f6rnern gepackt und los.<\/p>\n<p>Nur eins: es war TOLL<\/p>\n<p>Jutta Brauers hielt mit st\u00e4ndigen Fotos und kleinen Videos Monika M\u00f6ll auf dem Laufenden. Die Arme, alles gut geplant und jetzt musste sie Zuhause sitzen.<\/p>\n<p>So nette Damen in der Gruppe, so viele flotte T\u00e4nze an einem Wochenende, so gutes Essen und sogar das Wetter spielte mit.<\/p>\n<p>Es regnete n\u00e4mlich. Aber Samstagnachmittag h\u00f6rte es auf und wir konnten unseren geplanten Ausflug nach Saarburg unternehmen.<\/p>\n<p>Dieses niedliche kleine St\u00e4dtchen mit seiner pittoresken Altstadt ist immer wieder einen Besuch wert. Im Sonnenschein st\u00e4rkten wir uns durch den Genuss diverser Eisbecher und konnten danach das eine und das andere Schn\u00e4ppchen kaufen.<\/p>\n<p>Ende gut, alles gut. Samstag am Abend haben wir uns schlapp gelacht, als wir von einigen Tanzdamen Gedichte, Reime und Sketche vorgetragen bekamen. Also nicht nur die Beinmuskeln und das Gleichgewicht (s.o.), auch die Lachmuskeln wurden ausgiebig trainiert.<\/p>\n<p>Die Sportst\u00e4tte Braunshausen ist toll. Die Umgebung, das Haus, die Zimmer. Leider hatte ich dieses Mal keine Zeit, mir dies alles ein wenig genauer&nbsp;anzusehen.&nbsp;Das kommt dann im n\u00e4chsten Jahr. Denn ich werde wieder als Tanzleiterin teilnehmen. Denn Jutta Brauers ist nach langen Jahren der Zusammenarbeit mit Monika M\u00f6ll in den wohlverdienten Ruhestand getreten.<\/p>\n<p>Und Monika M\u00f6ll wird ganz sicher ihre seit Jahrzenten bew\u00e4hrte Tanzfreizeit in propria persona sua&nbsp;(pers\u00f6nlich)&nbsp;durchf\u00fchren.<\/p>\n<p>Text: Ute Ott<\/p>\n<p>Fotos: Irmgard Stahl&nbsp; (kommen nach!)<\/p>\n<h4 data-da-down=\"425\" data-da-focused=\"false\" data-da-header=\"true\" data-da-id=\"424\" data-da-next=\"425\" data-da-prev=\"423\" data-da-styleinline=\"true\" data-da-up=\"423\" style=\"margin-top: 40px\">  R\u00fcckblick 2016  <\/h4>\n<p><strong>T\u00e4nze aus aller Welt<\/strong><\/p>\n<p>Vom 23. \u2013 27. Mai 2016 fand diesmal der ISDC&nbsp;\u00ab&nbsp;International Senior&nbsp;Dance Congress&nbsp;\u00bb&nbsp;unter dem Motto \u201eT\u00e4nze aus aller Welt\u201c im \u00f6sterreichischen Burgenland statt. Diese Veranstaltung wiederholt sich alle 3 Jahre. Tanzleiter\/innen aus 16 Nationen nahmen in diesem Jahr in der Vila Vita in Pamhagen teil.<\/p>\n<p><img alt data-da-down=\"428\" data-da-focused=\"false\" data-da-id=\"425\" data-da-img=\"true\" data-da-next=\"426\" data-da-prev=\"424\" data-da-up=\"424\" decoding=\"async\" height=\"300\" loading=\"lazy\" src=\"https:\/\/erlebnis-tanz.org\/saarlorlux\/wp-content\/uploads\/sites\/3\/2021\/03\/k-IMG_20160527_081025.jpg\" width=\"534\"><\/p>\n<p>Die Luxemburger Delegation setzte sich zusammen aus (von links nach rechts):&nbsp;Malou Braun, Josette Buschmann, der Landesvertreterin Jos\u00e9e Weis, Claudine Menghi (Team-Vorstand SaarLorLux), Barbara Wiesen und der Landesvertreterin Monique Kieffer.<\/p>\n<p>Jedes Land stellte 2 T\u00e4nze vor, die anschlie\u00dfend von 325 Teilnehmer\/innen erlernt wurden. Eine CD und DVD wurden erstellt damit die T\u00e4nze in den 16 L\u00e4nder weitergegeben werden k\u00f6nnen. Die Luxemburger Delegation w\u00e4hlte die T\u00e4nze \u201e Baile Nuevo\u201c, ein spanischer Tanz und \u201eHit the road Jack\u201c, ein Line Dance.<\/p>\n<p>Der Kongre\u00df bietet zudem Gelegenheit bestehende Kontakte zu vertiefen und neue zu kn\u00fcpfen. Wir sind auf jeden Fall begeistert diese sch\u00f6nen und vielseitigen T\u00e4nze in unseren Gruppen zu tanzen und danken dem \u00f6sterreichischen Team f\u00fcr ihre vorbildliche Arbeit&nbsp; und f\u00fcr die vorz\u00fcgliche Organisation, so da\u00df wir eine unverge\u00dfliche Woche erleben durften.<\/p>\n<p>Der n\u00e4chste ISDC 2019 findet in Norwegen statt.<\/p>\n<p>Text und Foto: Team Luxemburg<\/p>\n<\/div>","protected":false},"excerpt":{"rendered":"<p>\u2013 Update November 2025 \u2013 Es gibt neue AK-Leitungen in SaarLorLux! Schnell mal anklicken! AK Saarbr\u00fccken-Luxemburg AK Wadgassen-Schaffhausen AK TiS SaarLorLux Fotos der AK-Teams bei den Wahlen der Jahre 2017-2021 &hellip;<\/p>\n","protected":false},"author":1,"featured_media":0,"parent":0,"menu_order":0,"comment_status":"closed","ping_status":"closed","template":"fullwidth.php","meta":{"footnotes":""},"class_list":["post-186","page","type-page","status-publish","hentry"],"_links":{"self":[{"href":"https:\/\/erlebnis-tanz.org\/saarlorlux\/wp-json\/wp\/v2\/pages\/186","targetHints":{"allow":["GET"]}}],"collection":[{"href":"https:\/\/erlebnis-tanz.org\/saarlorlux\/wp-json\/wp\/v2\/pages"}],"about":[{"href":"https:\/\/erlebnis-tanz.org\/saarlorlux\/wp-json\/wp\/v2\/types\/page"}],"author":[{"embeddable":true,"href":"https:\/\/erlebnis-tanz.org\/saarlorlux\/wp-json\/wp\/v2\/users\/1"}],"replies":[{"embeddable":true,"href":"https:\/\/erlebnis-tanz.org\/saarlorlux\/wp-json\/wp\/v2\/comments?post=186"}],"version-history":[{"count":65,"href":"https:\/\/erlebnis-tanz.org\/saarlorlux\/wp-json\/wp\/v2\/pages\/186\/revisions"}],"predecessor-version":[{"id":1083,"href":"https:\/\/erlebnis-tanz.org\/saarlorlux\/wp-json\/wp\/v2\/pages\/186\/revisions\/1083"}],"wp:attachment":[{"href":"https:\/\/erlebnis-tanz.org\/saarlorlux\/wp-json\/wp\/v2\/media?parent=186"}],"curies":[{"name":"wp","href":"https:\/\/api.w.org\/{rel}","templated":true}]}}