{"id":210,"date":"2021-03-07T15:57:40","date_gmt":"2021-03-07T14:57:40","guid":{"rendered":"https:\/\/erlebnis-tanz.org\/saarlorlux\/?page_id=210"},"modified":"2026-03-15T22:48:41","modified_gmt":"2026-03-15T21:48:41","slug":"ak-saarbruecken-3","status":"publish","type":"page","link":"https:\/\/erlebnis-tanz.org\/saarlorlux\/ak-saarbruecken-3\/","title":{"rendered":"AK Saarbr\u00fccken-Luxemburg"},"content":{"rendered":"<div class=\"pbs-main-wrapper\"><h4>  Termine des AK-Saarbr\u00fccken-Luxemburg f\u00fcr 2026:  <\/h4>\n<p>Der 1. AK im Jahre 2026 ist f\u00fcr den 14. M\u00e4rz vorgesehen. In Luxemburg<\/p>\n<p>Der 2. AK wird am 14.11.2026 stattfinden.&nbsp;Im Johannesfoyer, Saarbr\u00fccken.<\/p>\n<h4>  Ergebnisse AK-Team-Wahl vom 02.11.2024  <\/h4>\n<ul>\n<li>  <span style=\"color: #282425;font-weight: bold\">AK-Leiterin<\/span> <span style=\"color: #282425\">= Ute Ott-Guth<\/span>  <\/li>\n<li>  <span style=\"color: #282425;font-weight: bold\">Stellvertreterin<\/span><span style=\"color: #282425\"> = Ilona Scholdt<\/span>  <\/li>\n<li>  <span style=\"color: #282425;font-weight: bold\">Kassiererin<\/span><span style=\"color: #282425\"> = Marie-Lou Pierson<\/span>  <\/li>\n<li>  <span style=\"color: #282425;font-weight: bold\">Teammitglied<\/span><span style=\"color: #282425\"> =&nbsp;<\/span>  <\/li>\n<li>  <span style=\"color: #282425;font-weight: bold\">Rechnungspr\u00fcferinnen<\/span><span style=\"color: #282425;font-weight: normal\"> = Christa Hofmann und Elfie Sch\u00f6pchen<\/span>  <\/li>\n<\/ul>\n<h4>  Das AK-Team f\u00fcr den Zeitraum Oktober 2021 bis incl. Wahl 2024 stellt sich vor:  <\/h4>\n<p><img alt class=\"aligncenter wp-image-836 size-medium pbs-shadow-simple-5-3\" decoding=\"async\" fetchpriority=\"high\" height=\"300\" src=\"https:\/\/erlebnis-tanz.org\/saarlorlux\/wp-content\/uploads\/sites\/3\/2022\/01\/Ute-Dez-20-2-scaled-e1641659719374-233x300.jpg\" style=\"height: auto;width: 130px\" width=\"233\" srcset=\"https:\/\/erlebnis-tanz.org\/saarlorlux\/wp-content\/uploads\/sites\/3\/2022\/01\/Ute-Dez-20-2-scaled-e1641659719374-233x300.jpg 233w, https:\/\/erlebnis-tanz.org\/saarlorlux\/wp-content\/uploads\/sites\/3\/2022\/01\/Ute-Dez-20-2-scaled-e1641659719374-796x1024.jpg 796w, https:\/\/erlebnis-tanz.org\/saarlorlux\/wp-content\/uploads\/sites\/3\/2022\/01\/Ute-Dez-20-2-scaled-e1641659719374-768x989.jpg 768w, https:\/\/erlebnis-tanz.org\/saarlorlux\/wp-content\/uploads\/sites\/3\/2022\/01\/Ute-Dez-20-2-scaled-e1641659719374-1193x1536.jpg 1193w, https:\/\/erlebnis-tanz.org\/saarlorlux\/wp-content\/uploads\/sites\/3\/2022\/01\/Ute-Dez-20-2-scaled-e1641659719374.jpg 1536w\" sizes=\"(max-width: 233px) 100vw, 233px\" \/><\/p>\n<div class=\"pbs-row\" style=\"min-height: 94px;margin-bottom: -115px\">\n<div class=\"pbs-col\" style=\"justify-content: center;padding-bottom: 134px\">\n<p style=\"text-align: center\"><strong>A<\/strong><span style=\"font-weight: bold;color: #282425\">K-Leiterin ist Ute Ott-Guth. Sie ist stellvertretende Landesvorsitzende. Ute kommt aus Luxemburg.<\/span><\/p>\n<\/div>\n<\/div>\n<p><img loading=\"lazy\" alt=\"Dame\" class=\"aligncenter size-full wp-image-125 pbs-shadow-simple-5-3\" decoding=\"async\" height=\"185\" src=\"https:\/\/erlebnis-tanz.org\/saarlorlux\/wp-content\/uploads\/sites\/3\/2021\/03\/IMG_0008-2-AK-VS-Dez17-e1641657098807.jpg\" style=\"height: auto;width: 160px\" width=\"160\"><\/p>\n<p style=\"text-align: center\"><span style=\"color: #282425;font-weight: bold\">AK-Stellvertreterin ist Ilona Scholtes. Gleichzeitig \u00fcbernimmt sie die Kassenf\u00fchrung<\/span><span style=\"font-weight: bold\">. Ilona kommt aus dem Saarland.<\/span><\/p>\n<p><img loading=\"lazy\" alt=\"Frau\" class=\"pbs-shadow-simple-5-3 aligncenter wp-image-867 size-medium\" decoding=\"async\" height=\"300\" src=\"https:\/\/erlebnis-tanz.org\/saarlorlux\/wp-content\/uploads\/sites\/3\/2022\/01\/Foto-Antoinette-227x300.jpg\" style=\"height: auto;width: 140px\" width=\"227\" srcset=\"https:\/\/erlebnis-tanz.org\/saarlorlux\/wp-content\/uploads\/sites\/3\/2022\/01\/Foto-Antoinette-227x300.jpg 227w, https:\/\/erlebnis-tanz.org\/saarlorlux\/wp-content\/uploads\/sites\/3\/2022\/01\/Foto-Antoinette.jpg 299w\" sizes=\"auto, (max-width: 227px) 100vw, 227px\" \/><\/p>\n<p style=\"text-align: center\"><span style=\"color: #282425;font-weight: bold\">Antoinette Beffort aus Luxembourg ist neugew\u00e4hltes Teammitglied.<\/span><\/p>\n<p><img alt=\"Damen\" class=\"size-medium wp-image-838 pbs-shadow-simple-5-3 aligncenter\" decoding=\"async\" height=\"200\" loading=\"lazy\" src=\"https:\/\/erlebnis-tanz.org\/saarlorlux\/wp-content\/uploads\/sites\/3\/2022\/01\/IMG_0083-300x200.jpg\" width=\"300\" srcset=\"https:\/\/erlebnis-tanz.org\/saarlorlux\/wp-content\/uploads\/sites\/3\/2022\/01\/IMG_0083-300x200.jpg 300w, https:\/\/erlebnis-tanz.org\/saarlorlux\/wp-content\/uploads\/sites\/3\/2022\/01\/IMG_0083-1024x682.jpg 1024w, https:\/\/erlebnis-tanz.org\/saarlorlux\/wp-content\/uploads\/sites\/3\/2022\/01\/IMG_0083-768x512.jpg 768w, https:\/\/erlebnis-tanz.org\/saarlorlux\/wp-content\/uploads\/sites\/3\/2022\/01\/IMG_0083-1536x1024.jpg 1536w, https:\/\/erlebnis-tanz.org\/saarlorlux\/wp-content\/uploads\/sites\/3\/2022\/01\/IMG_0083-2048x1365.jpg 2048w\" sizes=\"auto, (max-width: 300px) 100vw, 300px\" \/><\/p>\n<p style=\"text-align: center\"><strong><span style=\"color: #000000\">Elfie Sch\u00f6pchen und Christa Hofmann haben das Amt der Rechnungspr\u00fcferinnen \u00fcbernommen.<\/span><\/strong><\/p>\n<h4 style=\"margin-top: 40px\">  Update Dezember 2020  <\/h4>\n<p><img alt=\"Edeltrud heid\" class=\"wp-image-745 aligncenter\" decoding=\"async\" height=\"127\" loading=\"lazy\" src=\"https:\/\/erlebnis-tanz.org\/saarlorlux\/wp-content\/uploads\/sites\/3\/2021\/04\/20191109_160023-2.jpg\" style=\"width: 137px;height: 162px\" width=\"108\"><\/p>\n<p style=\"text-align: center\">Unsere langj\u00e4hrige Arbeitskreisleiterin, Edeltrud Heid, wird ihrer Passion untreu. Sie legt ihr Amt zum Jahresende&nbsp; 2020 nieder.<\/p>\n<p style=\"text-align: center\">Zum Gl\u00fcck wird sie uns weiterhin hilfreich mit Rat und Tat unterst\u00fctzen, wenn wir es n\u00f6tig haben. Das ist schon ein Trost.<\/p>\n<h3 style=\"text-align: center\">  <span style=\"color: #ff0000\"><strong>Liebe Edeltraut, du wirst uns im Team fehlen!<\/strong><\/span>  <\/h3>\n<p style=\"text-align: center\">Bis zur n\u00e4chsten Wahl werden Ilona Scholdt, unsere Kassenchefin und&nbsp;Ute Ott-Guth, AK-Leitung, die Arbeitskreise zu zweit durchf\u00fchren.<\/p>\n<h4>  Update Juli 2020  <\/h4>\n<p><strong>Adresse des AK bis Ende 2020:&nbsp;<\/strong>D-66111 Saarbr\u00fccken, Ursulienenstr. 67, Johannes-Foyer<\/p>\n<p>Durch die Coronakrise haben sich die Neuwahlen von Ende 2020 auf Ende 2021 verschoben.<\/p>\n<p>Das 2018 neu gew\u00e4hlte Team hat sich gut eingespielt und die Arbeitskreise haben viel Anklang gefunden.<\/p>\n<p>Die anderen Saarl\u00e4nder AK-Leiterinnen haben so oft es ihnen m\u00f6glich war, teilgenommen. Oft mit ihrem Team und mi tihren T\u00e4nzerinnen. So wird es im Saarland gehandhabt. Einer unterst\u00fctzt den anderen.<\/p>\n<p>Einige Bilder einer Kaffeepause Ende Dez. 2019 beweisen, wie gut die Stimmung ist.&nbsp;Die Arbeit selbst kommt nicht zu kurz, oftmals wird&nbsp;nach dem Ende des AK weitergetanzt.<\/p>\n<p><img alt=\"20191109_1557432.jpg\" decoding=\"async\" height=\"150\" loading=\"lazy\" src=\"https:\/\/erlebnis-tanz.org\/saarlorlux\/wp-content\/uploads\/sites\/3\/2021\/03\/20191109_1557432.jpg\" width=\"89\">&nbsp;&nbsp;<img alt=\"20191109_160053.jpg\" decoding=\"async\" height=\"150\" loading=\"lazy\" src=\"https:\/\/erlebnis-tanz.org\/saarlorlux\/wp-content\/uploads\/sites\/3\/2021\/03\/20191109_160053.jpg\" width=\"201\">&nbsp;&nbsp;<img alt=\"20191109_155711-2.jpg\" decoding=\"async\" height=\"150\" loading=\"lazy\" src=\"https:\/\/erlebnis-tanz.org\/saarlorlux\/wp-content\/uploads\/sites\/3\/2021\/03\/20191109_155711-2.jpg\" width=\"156\">&nbsp;&nbsp;<img alt=\"20191109_155658-2.jpg\" decoding=\"async\" height=\"150\" loading=\"lazy\" src=\"https:\/\/erlebnis-tanz.org\/saarlorlux\/wp-content\/uploads\/sites\/3\/2021\/03\/20191109_155658-2.jpg\" width=\"222\"><\/p>\n<p style=\"margin-top: -30px\">v.l.n.r.:<br \/> \u2013 ST-AK-Leiterin Edeltrud Heid<br \/> \u2013 Kassenf\u00fchrerin Ilona Scholdt und TL Avdulah Ceman<br \/> \u2013 TL aus Luxemburg Josette Buschmann und Jos\u00e9e Weis<br \/> \u2013 Jos\u00e9e Hippert TL in Lux. und im Team Rehlingen mit lux. T\u00e4nzerin<\/p>\n<p style=\"margin-top: 41px\"><img alt=\"20191109_155643.jpg\" decoding=\"async\" height=\"150\" loading=\"lazy\" src=\"https:\/\/erlebnis-tanz.org\/saarlorlux\/wp-content\/uploads\/sites\/3\/2021\/03\/20191109_155643.jpg\" width=\"200\">&nbsp;&nbsp;<img alt=\"20191109_155835.jpg\" decoding=\"async\" height=\"150\" loading=\"lazy\" src=\"https:\/\/erlebnis-tanz.org\/saarlorlux\/wp-content\/uploads\/sites\/3\/2021\/03\/20191109_155835.jpg\" width=\"200\">&nbsp;&nbsp;<img alt=\"20191109_155849.jpg\" decoding=\"async\" height=\"150\" loading=\"lazy\" src=\"https:\/\/erlebnis-tanz.org\/saarlorlux\/wp-content\/uploads\/sites\/3\/2021\/03\/20191109_155849.jpg\" width=\"200\"><\/p>\n<p style=\"margin-top: -31px\">v.l.n.r.:<br \/> \u2013 ein Plausch unter T\u00e4nzerinnen<br \/> \u2013 TL i.A. Heidi mit AK-Leiterin Wadgassen<br \/> \u2013 ein sch\u00f6nes Bild vom Team AK-Rehlingen \u2013 Hiltud Steier, eine Stammt\u00e4nzerin, Kassenf\u00fchrerin Edith Colbus und AK-Leiterin Wilma Zimnoch<\/p>\n<p style=\"margin-top: 39px\"><strong>Einzelne Impressionen:<\/strong><\/p>\n<p><img alt=\"20191109_155856.jpg\" decoding=\"async\" height=\"150\" loading=\"lazy\" src=\"https:\/\/erlebnis-tanz.org\/saarlorlux\/wp-content\/uploads\/sites\/3\/2021\/03\/20191109_155856.jpg\" width=\"200\">&nbsp;&nbsp;<img alt=\"20191109_155901.jpg\" decoding=\"async\" height=\"150\" loading=\"lazy\" src=\"https:\/\/erlebnis-tanz.org\/saarlorlux\/wp-content\/uploads\/sites\/3\/2021\/03\/20191109_155901.jpg\" width=\"200\">&nbsp;&nbsp;<img alt=\"20191109_160115.jpg\" decoding=\"async\" height=\"151\" loading=\"lazy\" src=\"https:\/\/erlebnis-tanz.org\/saarlorlux\/wp-content\/uploads\/sites\/3\/2021\/03\/20191109_160115.jpg\" width=\"202\">&nbsp;&nbsp;<img alt=\"20191109_155958 2.jpg\" decoding=\"async\" height=\"150\" loading=\"lazy\" src=\"https:\/\/erlebnis-tanz.org\/saarlorlux\/wp-content\/uploads\/sites\/3\/2021\/03\/20191109_155958-2.jpg\" width=\"210\"><\/p>\n<p style=\"margin-top: -34px\">v.l.n.r.:<br \/> \u2013 T\u00e4nzerin Rita<br \/> \u2013 T\u00e4nzerin Friedel<br \/> \u2013 TL Monika M\u00f6ll und Irmgard Stahl<br \/> \u2013 TL und Kassenf\u00fchrerin LV SLL Brigitte Fickinger<\/p>\n<p style=\"margin-top: 19px\">Info: Wer zu den Bildern eine Kritik oder eine Anmerkung hat, bitte bei der AK-Leiterin Ute Ott-Guth melden. 00352 691 65 27 15 oder mailen.<\/p>\n<h4 style=\"margin-top: 40px\">  Das alte und das neue AK-Leiterteam Januar 2018!  <\/h4>\n<p>Kassenleitung neu und alt: Ilona Scholdt und Uschi W.<\/p>\n<p style=\"margin-bottom: -15px\"><img alt=\"IMG_0009.JPG\" decoding=\"async\" height=\"150\" loading=\"lazy\" src=\"https:\/\/erlebnis-tanz.org\/saarlorlux\/wp-content\/uploads\/sites\/3\/2021\/03\/IMG_0009.JPG\" width=\"226\"><\/p>\n<p>AK-Leitung alt und neu: Jutta Brauers und Ute Ott-Guth mit Edeltrud Heid<\/p>\n<p><img alt=\"IMG_0006.JPG\" decoding=\"async\" height=\"150\" loading=\"lazy\" src=\"https:\/\/erlebnis-tanz.org\/saarlorlux\/wp-content\/uploads\/sites\/3\/2021\/03\/IMG_0006.JPG\" width=\"226\">&nbsp;&nbsp;+&nbsp;&nbsp;<img alt=\"20191109_1557432.jpg\" decoding=\"async\" height=\"150\" loading=\"lazy\" src=\"https:\/\/erlebnis-tanz.org\/saarlorlux\/wp-content\/uploads\/sites\/3\/2021\/03\/20191109_1557432.jpg\" width=\"89\"><\/p>\n<p style=\"margin-top: -10px\">Das alterprobte Team legt die Leitung nieder: Jutta Brauers und Uschi W.<\/p>\n<p><img alt=\"IMG_0005.klein.JPG\" decoding=\"async\" height=\"150\" loading=\"lazy\" src=\"https:\/\/erlebnis-tanz.org\/saarlorlux\/wp-content\/uploads\/sites\/3\/2021\/03\/IMG_0005.klein_.jpg\" width=\"226\"><\/p>\n<h4 style=\"margin-top: 40px\">  Aktuelle Termine  <\/h4>\n<script type=\"text\/javascript\">\/\/ <![CDATA[\njQuery(document).ready(function(){\n\tsetInterval( function() { AutoiFrameAdjustiFrameHeight( 'mis', 50); }, 1000 );\n});\n\/\/ ]]><\/script>\n<iframe loading=\"lazy\" id=\"mis\" name=\"mis\" src=\"https:\/\/bvstodata.com\/aktermine4.aspx?ak=Saarbr&uuml;cken&#038;amp;lv=SaarLorLux&#038;amp;link=false&#038;amp;link=false\" width=\"100%\" height=\"5120px\" frameborder=\"0\" scrolling=\"no\"onload=\"AutoiFrameAdjustiFrameHeight('mis',50);\"><\/iframe>\n<\/div>","protected":false},"excerpt":{"rendered":"<p>Termine des AK-Saarbr\u00fccken-Luxemburg f\u00fcr 2026: Der 1. AK im Jahre 2026 ist f\u00fcr den 14. M\u00e4rz vorgesehen. In Luxemburg Der 2. AK wird am 14.11.2026 stattfinden.&nbsp;Im Johannesfoyer, Saarbr\u00fccken. Ergebnisse AK-Team-Wahl &hellip;<\/p>\n","protected":false},"author":1,"featured_media":0,"parent":0,"menu_order":0,"comment_status":"closed","ping_status":"closed","template":"fullwidth.php","meta":{"footnotes":""},"class_list":["post-210","page","type-page","status-publish","hentry"],"_links":{"self":[{"href":"https:\/\/erlebnis-tanz.org\/saarlorlux\/wp-json\/wp\/v2\/pages\/210","targetHints":{"allow":["GET"]}}],"collection":[{"href":"https:\/\/erlebnis-tanz.org\/saarlorlux\/wp-json\/wp\/v2\/pages"}],"about":[{"href":"https:\/\/erlebnis-tanz.org\/saarlorlux\/wp-json\/wp\/v2\/types\/page"}],"author":[{"embeddable":true,"href":"https:\/\/erlebnis-tanz.org\/saarlorlux\/wp-json\/wp\/v2\/users\/1"}],"replies":[{"embeddable":true,"href":"https:\/\/erlebnis-tanz.org\/saarlorlux\/wp-json\/wp\/v2\/comments?post=210"}],"version-history":[{"count":78,"href":"https:\/\/erlebnis-tanz.org\/saarlorlux\/wp-json\/wp\/v2\/pages\/210\/revisions"}],"predecessor-version":[{"id":1098,"href":"https:\/\/erlebnis-tanz.org\/saarlorlux\/wp-json\/wp\/v2\/pages\/210\/revisions\/1098"}],"wp:attachment":[{"href":"https:\/\/erlebnis-tanz.org\/saarlorlux\/wp-json\/wp\/v2\/media?parent=210"}],"curies":[{"name":"wp","href":"https:\/\/api.w.org\/{rel}","templated":true}]}}