{"id":74,"date":"2021-03-07T13:48:17","date_gmt":"2021-03-07T12:48:17","guid":{"rendered":"https:\/\/erlebnis-tanz.org\/saarlorlux\/?page_id=74"},"modified":"2022-01-11T17:18:40","modified_gmt":"2022-01-11T16:18:40","slug":"ueber-uns","status":"publish","type":"page","link":"https:\/\/erlebnis-tanz.org\/saarlorlux\/ueber-uns\/","title":{"rendered":"\u00dcber unsere Freizeiten"},"content":{"rendered":"<div class=\"pbs-main-wrapper\"><h2 style=\"margin-top: 40px\" data-pbs-tablet-margin-top=\"40px\"><span style=\"font-weight: bold\">1999<\/span><\/h2>\n<p>In den Jahren 1999\u00a0in Lebach und in\u00a0Staufen,\u00a02000 und 2010 in Immenstadt,\u00a02011 in Staufen,\u00a02012 in Regensburg,\u00a02013 in Mainz,\u00a02014 in Wallerfangen,<\/p>\n<p>2015 und 16 in Braunshausen,\u00a0f\u00fchrte der Landesvorstand mit gro\u00dfem Erfolg Freizeiten f\u00fcr seine Mitglieder, aber auch Nichtmitglieder durch.<\/p>\n<p><strong>Die Leitung hatte immer\u00a0Frau Jutta Brauers vom Landesverband<\/strong>. Sie wurde unterst\u00fctzt von den Damen Dorothee Scherer, Martina Faber und am h\u00e4ufigsten\u00a0von Frau\u00a0Edeltrud Heid.\u00a0Mittlerweile\u00a0finden die Tanzfreizeiten oft in Braunshausen statt unter der Leitung von\u00a0Jutta Brauers und Monika M\u00f6ll.<\/p>\n<p>Ute Ott-Guth ersetzte die kranke Monika M\u00f6ll in 2917 und seit Jutta Brauers leider mit dem Tanzen ganz aufgeh\u00f6rt hat, \u00fcbernahm mit Monika M\u00f6ll 2018 Ute Ott-Guth ihre Aufgaben.<\/p>\n<h3 style=\"margin-bottom: 14px;margin-top: 40px\" data-pbs-tablet-margin-bottom=\"14px\" data-pbs-tablet-margin-top=\"40px\">Bilder 2020<\/h3>\n<p style=\"margin-bottom: -1px\" data-pbs-tablet-margin-bottom=\"-1px\"><img loading=\"lazy\" decoding=\"async\" src=\"https:\/\/erlebnis-tanz.org\/saarlorlux\/wp-content\/uploads\/sites\/3\/2021\/03\/virus-corona-abgesagt-schild-zeichnung-cartoon-clipart-comic-cartoon-agnes-karikaturen-hd-wm.jpg\" alt=\"virus-corona-abgesagt-schild-zeichnung-cartoon-clipart-comic-cartoon-agnes-karikaturen-hd-wm.jpg\" width=\"439\" height=\"300\" \/><\/p>\n<h3 style=\"margin-top: 40px\" data-pbs-tablet-margin-top=\"40px\">Bilder 2019<\/h3>\n<p><img loading=\"lazy\" decoding=\"async\" src=\"https:\/\/erlebnis-tanz.org\/saarlorlux\/wp-content\/uploads\/sites\/3\/2021\/03\/P5111647.JPG\" alt=\"P5111647.JPG\" width=\"500\" height=\"375\" \/><\/p>\n<p style=\"margin-top: -34px\" data-pbs-tablet-margin-top=\"-34px\">Die m\u00fcde Gruppe \u2013 aber SEHR zufrieden<\/p>\n<p><img decoding=\"async\" src=\"https:\/\/erlebnis-tanz.org\/saarlorlux\/wp-content\/uploads\/sites\/3\/2021\/03\/VID-20190530-WA0008_Moment2.jpg\" alt=\"VID-20190530-WA0008_Moment(2).jpg\" width=\"500\" \/><\/p>\n<p style=\"margin-top: -33px\" data-pbs-tablet-margin-top=\"-33px\">Erstes Morgenrot<\/p>\n<p><img decoding=\"async\" src=\"https:\/\/erlebnis-tanz.org\/saarlorlux\/wp-content\/uploads\/sites\/3\/2021\/03\/VID-20190530-WA0010_Moment-2.jpg\" alt=\"VID-20190530-WA0010_Moment (2).jpg\" width=\"500\" \/><\/p>\n<p style=\"margin-top: -33px\" data-pbs-tablet-margin-top=\"-33px\">Santiano<\/p>\n<p><img loading=\"lazy\" decoding=\"async\" src=\"https:\/\/erlebnis-tanz.org\/saarlorlux\/wp-content\/uploads\/sites\/3\/2021\/03\/VID-20190530-WA0007_Moment-2.jpg\" alt=\"VID-20190530-WA0007_Moment (2).jpg\" width=\"499\" height=\"696\" \/><\/p>\n<p style=\"margin-top: -33px\" data-pbs-tablet-margin-top=\"-33px\">Square<\/p>\n<h3 style=\"margin-top: 40px\" data-pbs-tablet-margin-top=\"40px\">Bilder 2018<\/h3>\n<p><img decoding=\"async\" src=\"https:\/\/erlebnis-tanz.org\/saarlorlux\/wp-content\/uploads\/sites\/3\/2021\/03\/Bunter-Abend-2.jpg\" alt=\"Bunter abend 2.jpg\" width=\"500\" \/><\/p>\n<p style=\"margin-top: -32px\" data-pbs-tablet-margin-top=\"-32px\">Die Narren kommen <img decoding=\"async\" class=\"emoji\" role=\"img\" src=\"https:\/\/s.w.org\/images\/core\/emoji\/13.0.1\/svg\/1f642.svg\" alt=\"?\" \/>Elfi und Monika haben ein Geruchsproblem<\/p>\n<p><img decoding=\"async\" src=\"https:\/\/erlebnis-tanz.org\/saarlorlux\/wp-content\/uploads\/sites\/3\/2021\/03\/Raus-aus-den-Federn.jpg\" alt=\"Raus aus den federn.jpg\" width=\"500\" \/><\/p>\n<p style=\"margin-top: -35px\" data-pbs-tablet-margin-top=\"-35px\">Raus aus den Federn<\/p>\n<p><img loading=\"lazy\" decoding=\"async\" src=\"https:\/\/erlebnis-tanz.org\/saarlorlux\/wp-content\/uploads\/sites\/3\/2021\/03\/Gruppenbild-Braunshausen-1.jpg\" alt=\"Gruppenbild braunshausen 1.jpg\" width=\"499\" height=\"263\" \/><\/p>\n<p style=\"margin-top: -33px\" data-pbs-tablet-margin-top=\"-33px\">Die ganze tolle Gruppe<\/p>\n<h3 style=\"margin-top: 40px\" data-pbs-tablet-margin-top=\"40px\">Bilder 2017<\/h3>\n<p style=\"margin-bottom: 9px\" data-pbs-tablet-margin-bottom=\"9px\"><img loading=\"lazy\" decoding=\"async\" src=\"https:\/\/erlebnis-tanz.org\/saarlorlux\/wp-content\/uploads\/sites\/3\/2021\/03\/IMG-20170912-WA0002.jpeg\" alt=\"IMG-20170912-WA0002.jpeg\" width=\"500\" height=\"281\" \/><\/p>\n<p style=\"margin-top: -24px\" data-pbs-tablet-margin-top=\"-24px\">Wegen Krankheit von Monika M\u00f6ll \u00fcbernahm Ute Ott-Guth an der Seite von Jutta Brauers<\/p>\n<p style=\"margin-bottom: 8px\" data-pbs-tablet-margin-bottom=\"8px\"><img loading=\"lazy\" decoding=\"async\" src=\"https:\/\/erlebnis-tanz.org\/saarlorlux\/wp-content\/uploads\/sites\/3\/2021\/03\/20170913_185129.jpg\" alt=\"20170913_185129.jpg\" width=\"500\" height=\"281\" \/><\/p>\n<p style=\"margin-top: -25px\" data-pbs-tablet-margin-top=\"-25px\">Die ganze tolle Truppe<\/p>\n<\/div>","protected":false},"excerpt":{"rendered":"<p>1999 In den Jahren 1999\u00a0in Lebach und in\u00a0Staufen,\u00a02000 und 2010 in Immenstadt,\u00a02011 in Staufen,\u00a02012 in Regensburg,\u00a02013 in Mainz,\u00a02014 in Wallerfangen, 2015 und 16 in Braunshausen,\u00a0f\u00fchrte der Landesvorstand mit gro\u00dfem Erfolg &hellip;<\/p>\n","protected":false},"author":1,"featured_media":0,"parent":0,"menu_order":0,"comment_status":"closed","ping_status":"closed","template":"fullwidth.php","meta":{"footnotes":""},"class_list":["post-74","page","type-page","status-publish","hentry"],"_links":{"self":[{"href":"https:\/\/erlebnis-tanz.org\/saarlorlux\/wp-json\/wp\/v2\/pages\/74","targetHints":{"allow":["GET"]}}],"collection":[{"href":"https:\/\/erlebnis-tanz.org\/saarlorlux\/wp-json\/wp\/v2\/pages"}],"about":[{"href":"https:\/\/erlebnis-tanz.org\/saarlorlux\/wp-json\/wp\/v2\/types\/page"}],"author":[{"embeddable":true,"href":"https:\/\/erlebnis-tanz.org\/saarlorlux\/wp-json\/wp\/v2\/users\/1"}],"replies":[{"embeddable":true,"href":"https:\/\/erlebnis-tanz.org\/saarlorlux\/wp-json\/wp\/v2\/comments?post=74"}],"version-history":[{"count":74,"href":"https:\/\/erlebnis-tanz.org\/saarlorlux\/wp-json\/wp\/v2\/pages\/74\/revisions"}],"predecessor-version":[{"id":909,"href":"https:\/\/erlebnis-tanz.org\/saarlorlux\/wp-json\/wp\/v2\/pages\/74\/revisions\/909"}],"wp:attachment":[{"href":"https:\/\/erlebnis-tanz.org\/saarlorlux\/wp-json\/wp\/v2\/media?parent=74"}],"curies":[{"name":"wp","href":"https:\/\/api.w.org\/{rel}","templated":true}]}}