{"id":40,"date":"2021-04-07T11:16:43","date_gmt":"2021-04-07T09:16:43","guid":{"rendered":"https:\/\/erlebnis-tanz.org\/sw\/?page_id=40"},"modified":"2025-12-21T11:44:52","modified_gmt":"2025-12-21T10:44:52","slug":"aktuelles-aus-dem-landesverband","status":"publish","type":"page","link":"https:\/\/erlebnis-tanz.org\/sw\/aktuelles-aus-dem-landesverband\/","title":{"rendered":"Aktuelles aus dem Landesverband"},"content":{"rendered":"<div class=\"pbs-main-wrapper\"><div class=\"pbs-row\" style=\"min-height: 110px\">\n<div class=\"pbs-col\" style=\"justify-content: center;padding-top: 96px;padding-left: 263px\">\n<h4 style=\"text-align: left\">  <span>\u00c4lter werden in L\u00fcbeck<\/span><br \/>  <\/h4>\n<\/div>\n<\/div>\n<p>Unter diesem Motto veranstaltete die Hansestadt L\u00fcbeck am 11. Juli 2025 einen Info-Tag im Foyer der Musik- und Kongresshalle.&nbsp;&nbsp;&nbsp;&nbsp;&nbsp;&nbsp;&nbsp;&nbsp;&nbsp;&nbsp;&nbsp;&nbsp;&nbsp;&nbsp;&nbsp;&nbsp;&nbsp;&nbsp; \u00dcber 50 Aussteller pr\u00e4sentierten ihre Angebote \u2013 und der BVST war nat\u00fcrlich auch dabei: Tanzleiter\/innen und T\u00e4nzerinnen aus dem AK Schleswig-Holstein S\u00fcd betreuten den ErlebniSTanz-Stand und hatten alle H\u00e4nde voll zu tun, die Tanzinteressierten \u00fcber unsere Tanzrichtung, die Gruppen in und um L\u00fcbeck und \u00fcber unsere Ausbildung zu informieren. Die 100 Flyer waren bereits nach gut dreieinhalb Stunden \u201eausverkauft\u201c\u2026 Auch ein kleiner Workshop \u201eTanzen im Sitzen\u201c war gut besucht, unter anderem von einigen geh\u00f6rlosen Teilnehmerinnen, f\u00fcr die eine Geb\u00e4hrdendolmetscherin \u00fcbersetzte und die die Bewegungen von der Tanzleiterin mit viel Spa\u00df \u00fcbernahmen. &nbsp; &nbsp; &nbsp; &nbsp; &nbsp; &nbsp; &nbsp; &nbsp; &nbsp; &nbsp; &nbsp; &nbsp; &nbsp; &nbsp; &nbsp; &nbsp; &nbsp; &nbsp; &nbsp; &nbsp; &nbsp; &nbsp;&nbsp; In zwei Jahren sind wir wieder dabei!<\/p>\n<p><span style=\"font-style:italic\">Gabriele Gronemeyer<\/span><\/p>\n<div class=\"pbs-row\" style=\"min-height: 200px\">\n<div class=\"pbs-col\" style=\"flex-basis: 50%;justify-content: center\">\n<p><img loading=\"lazy\" decoding=\"async\" class=\"aligncenter wp-image-771 size-large\" height=\"353\" src=\"https:\/\/erlebnis-tanz.org\/sw\/wp-content\/uploads\/sites\/16\/2025\/07\/altersme90-1024x583.jpg\" title=\"Wo mag unser stand wohl sein?\" width=\"620\" srcset=\"https:\/\/erlebnis-tanz.org\/sw\/wp-content\/uploads\/sites\/16\/2025\/07\/altersme90-1024x583.jpg 1024w, https:\/\/erlebnis-tanz.org\/sw\/wp-content\/uploads\/sites\/16\/2025\/07\/altersme90-300x171.jpg 300w, https:\/\/erlebnis-tanz.org\/sw\/wp-content\/uploads\/sites\/16\/2025\/07\/altersme90-768x437.jpg 768w, https:\/\/erlebnis-tanz.org\/sw\/wp-content\/uploads\/sites\/16\/2025\/07\/altersme90-1536x875.jpg 1536w, https:\/\/erlebnis-tanz.org\/sw\/wp-content\/uploads\/sites\/16\/2025\/07\/altersme90-2048x1166.jpg 2048w\" sizes=\"auto, (max-width: 620px) 100vw, 620px\" \/>Wo mag unser Stand wohl sein\u2026?<\/p>\n<\/div>\n<div class=\"pbs-col\" style=\"flex-basis: 50%;justify-content: center;padding-top: 10px\">\n<p><img loading=\"lazy\" decoding=\"async\" class=\"aligncenter wp-image-770 size-large\" height=\"255\" src=\"https:\/\/erlebnis-tanz.org\/sw\/wp-content\/uploads\/sites\/16\/2025\/07\/altersme7-1024x578.jpg\" style=\"width: 452px;height: auto\" width=\"452\" srcset=\"https:\/\/erlebnis-tanz.org\/sw\/wp-content\/uploads\/sites\/16\/2025\/07\/altersme7-1024x578.jpg 1024w, https:\/\/erlebnis-tanz.org\/sw\/wp-content\/uploads\/sites\/16\/2025\/07\/altersme7-300x169.jpg 300w, https:\/\/erlebnis-tanz.org\/sw\/wp-content\/uploads\/sites\/16\/2025\/07\/altersme7-768x433.jpg 768w, https:\/\/erlebnis-tanz.org\/sw\/wp-content\/uploads\/sites\/16\/2025\/07\/altersme7-1536x867.jpg 1536w, https:\/\/erlebnis-tanz.org\/sw\/wp-content\/uploads\/sites\/16\/2025\/07\/altersme7-2048x1156.jpg 2048w\" sizes=\"auto, (max-width: 452px) 100vw, 452px\" \/>Spa\u00df beim Tanzen im Sitzen<\/p>\n<\/div>\n<\/div>\n<div class=\"pbs-row\" style=\"min-height: 200px\">\n<div class=\"pbs-col\" style=\"justify-content: center\">\n<div class=\"pbs-row\" style=\"min-height: 32px;margin-top: 23px\">\n<div class=\"pbs-col\" style=\"flex-basis: 33.33%;justify-content: center\"><\/div>\n<div class=\"pbs-col\" style=\"flex-basis: 33.33%;justify-content: center;padding-bottom: 0px\">\n<p>\u201eBeratung\u201c am ErlebniSTanz-Stand<\/p>\n<\/div>\n<div class=\"pbs-col\" style=\"flex-basis: 33.33%;justify-content: center\"><\/div>\n<\/div>\n<p><img loading=\"lazy\" decoding=\"async\" class=\"aligncenter wp-image-772 size-large\" height=\"463\" src=\"https:\/\/erlebnis-tanz.org\/sw\/wp-content\/uploads\/sites\/16\/2025\/07\/altersme121-1024x764.jpg\" width=\"620\" srcset=\"https:\/\/erlebnis-tanz.org\/sw\/wp-content\/uploads\/sites\/16\/2025\/07\/altersme121-1024x764.jpg 1024w, https:\/\/erlebnis-tanz.org\/sw\/wp-content\/uploads\/sites\/16\/2025\/07\/altersme121-300x224.jpg 300w, https:\/\/erlebnis-tanz.org\/sw\/wp-content\/uploads\/sites\/16\/2025\/07\/altersme121-768x573.jpg 768w, https:\/\/erlebnis-tanz.org\/sw\/wp-content\/uploads\/sites\/16\/2025\/07\/altersme121-1536x1145.jpg 1536w, https:\/\/erlebnis-tanz.org\/sw\/wp-content\/uploads\/sites\/16\/2025\/07\/altersme121-2048x1527.jpg 2048w\" sizes=\"auto, (max-width: 620px) 100vw, 620px\" \/>Fo<span style=\"font-style:normal\">tos: mikkii-Eventfotografie<\/span><\/p>\n<\/div>\n<\/div>\n<div class=\"pbs-row\" style=\"min-height: 200px\">\n<div class=\"pbs-col\" style=\"justify-content: center\">\n<h4>  <span style=\"color:#182f71\">Folgender Artikel wurde in einer Zeitung ver\u00f6ffentlicht. &nbsp; &nbsp; &nbsp; &nbsp; &nbsp; &nbsp; &nbsp; &nbsp; &nbsp; &nbsp; &nbsp; &nbsp; &nbsp; &nbsp; &nbsp; &nbsp; &nbsp; &nbsp; Wir finden, er ist eine tolle Werbung f\u00fcr den ErlebniSTanz.<\/span>  <\/h4>\n<h5>  <span>Vielen Dank an Ute f\u00fcr die 33 Jahre Tanzleitung und viel Freude und Erfolg f\u00fcr Monika.<\/span>  <\/h5>\n<\/div>\n<\/div>\n<div class=\"pbs-row\" style=\"min-height: 200px\">\n<div class=\"pbs-col\" style=\"justify-content: center\">\n<p><img decoding=\"async\" class=\"alignleft wp-image-787 size-full\" height=\"588\" loading=\"lazy\" src=\"https:\/\/erlebnis-tanz.org\/sw\/wp-content\/uploads\/sites\/16\/2025\/08\/Ute-Kahl-Verabschiedung-pdf-image.jpg\" width=\"835\" srcset=\"https:\/\/erlebnis-tanz.org\/sw\/wp-content\/uploads\/sites\/16\/2025\/08\/Ute-Kahl-Verabschiedung-pdf-image.jpg 835w, https:\/\/erlebnis-tanz.org\/sw\/wp-content\/uploads\/sites\/16\/2025\/08\/Ute-Kahl-Verabschiedung-pdf-image-300x211.jpg 300w, https:\/\/erlebnis-tanz.org\/sw\/wp-content\/uploads\/sites\/16\/2025\/08\/Ute-Kahl-Verabschiedung-pdf-image-768x541.jpg 768w\" sizes=\"auto, (max-width: 835px) 100vw, 835px\" \/><\/p>\n<p><img loading=\"lazy\" decoding=\"async\" src=\"https:\/\/erlebnis-tanz.org\/sw\/wp-content\/uploads\/sites\/16\/2025\/12\/Zeitungsbericht-Erlebnistanz-fuer-Jung-und-Alt-2-pdf-image.jpg\" alt=\"\" width=\"581\" height=\"667\" class=\"alignnone size-full wp-image-797\" srcset=\"https:\/\/erlebnis-tanz.org\/sw\/wp-content\/uploads\/sites\/16\/2025\/12\/Zeitungsbericht-Erlebnistanz-fuer-Jung-und-Alt-2-pdf-image.jpg 581w, https:\/\/erlebnis-tanz.org\/sw\/wp-content\/uploads\/sites\/16\/2025\/12\/Zeitungsbericht-Erlebnistanz-fuer-Jung-und-Alt-2-pdf-image-261x300.jpg 261w\" sizes=\"auto, (max-width: 581px) 100vw, 581px\" \/><\/p>\n<\/div>\n<\/div>\n<p><strong>  <\/p>\n<div class=\"clear\">\n<div class=\"pbs-row\" style=\"min-height: 294px\">\n<div class=\"pbs-col\" style=\"justify-content: center\"><\/div>\n<\/div>\n<p><strong>  <\/strong><\/p>\n<p><strong>  <\/strong><\/p>\n<p><strong>  <\/strong><\/p>\n<p><strong>  <\/strong><\/p>\n<p><strong>  <\/strong><\/p>\n<p><strong>  <\/strong><\/p>\n<p><strong>  <\/p>\n<div class=\"clear\"><\/div>\n<div class=\"clear\">\n<p><strong><\/strong><\/p>\n<p><strong>  <\/strong><\/p>\n<p><strong><\/strong><\/p>\n<\/div>\n<div class=\"clear\"><\/div>\n<p><\/strong><\/p>\n<p><strong><\/strong><\/p>\n<p><strong><\/strong><\/p>\n<p><strong><\/strong><\/p>\n<p><strong><\/strong><\/p>\n<p><strong><\/strong><\/p>\n<p><strong><\/strong><\/p>\n<\/div>\n<div class=\"clear\"><\/div>\n<p><\/strong><\/p>\n<\/div>","protected":false},"excerpt":{"rendered":"<p>\u00c4lter werden in L\u00fcbeck Unter diesem Motto veranstaltete die Hansestadt L\u00fcbeck am 11. Juli 2025 einen Info-Tag im Foyer der Musik- und Kongresshalle.&nbsp;&nbsp;&nbsp;&nbsp;&nbsp;&nbsp;&nbsp;&nbsp;&nbsp;&nbsp;&nbsp;&nbsp;&nbsp;&nbsp;&nbsp;&nbsp;&nbsp;&nbsp; \u00dcber 50 Aussteller pr\u00e4sentierten ihre Angebote \u2013 &hellip;<\/p>\n","protected":false},"author":1,"featured_media":0,"parent":0,"menu_order":0,"comment_status":"closed","ping_status":"closed","template":"fullwidth.php","meta":{"footnotes":""},"class_list":["post-40","page","type-page","status-publish","hentry"],"_links":{"self":[{"href":"https:\/\/erlebnis-tanz.org\/sw\/wp-json\/wp\/v2\/pages\/40","targetHints":{"allow":["GET"]}}],"collection":[{"href":"https:\/\/erlebnis-tanz.org\/sw\/wp-json\/wp\/v2\/pages"}],"about":[{"href":"https:\/\/erlebnis-tanz.org\/sw\/wp-json\/wp\/v2\/types\/page"}],"author":[{"embeddable":true,"href":"https:\/\/erlebnis-tanz.org\/sw\/wp-json\/wp\/v2\/users\/1"}],"replies":[{"embeddable":true,"href":"https:\/\/erlebnis-tanz.org\/sw\/wp-json\/wp\/v2\/comments?post=40"}],"version-history":[{"count":88,"href":"https:\/\/erlebnis-tanz.org\/sw\/wp-json\/wp\/v2\/pages\/40\/revisions"}],"predecessor-version":[{"id":777,"href":"https:\/\/erlebnis-tanz.org\/sw\/wp-json\/wp\/v2\/pages\/40\/revisions\/777"}],"wp:attachment":[{"href":"https:\/\/erlebnis-tanz.org\/sw\/wp-json\/wp\/v2\/media?parent=40"}],"curies":[{"name":"wp","href":"https:\/\/api.w.org\/{rel}","templated":true}]}}