{"id":58,"date":"2021-04-07T11:21:00","date_gmt":"2021-04-07T09:21:00","guid":{"rendered":"https:\/\/erlebnis-tanz.org\/sw\/?page_id=58"},"modified":"2025-02-01T16:56:02","modified_gmt":"2025-02-01T15:56:02","slug":"veranstaltungsnachlese","status":"publish","type":"page","link":"https:\/\/erlebnis-tanz.org\/sw\/veranstaltungsnachlese\/","title":{"rendered":"Veranstaltungsnachlese"},"content":{"rendered":"<div class=\"pbs-main-wrapper\"><h4 style=\"margin-top: 0px\">  Mitgliedertanzfest 2024  <\/h4>\n<p><img loading=\"lazy\" decoding=\"async\" class=\"aligncenter wp-image-592 size-full\" height=\"854\" src=\"https:\/\/erlebnis-tanz.org\/sw\/wp-content\/uploads\/sites\/16\/2024\/06\/Gruppenbild-mitgliedertanzfest.jpg\" style=\"width: 100%;height: auto\" width=\"1480\" srcset=\"https:\/\/erlebnis-tanz.org\/sw\/wp-content\/uploads\/sites\/16\/2024\/06\/Gruppenbild-mitgliedertanzfest.jpg 1480w, https:\/\/erlebnis-tanz.org\/sw\/wp-content\/uploads\/sites\/16\/2024\/06\/Gruppenbild-mitgliedertanzfest-300x173.jpg 300w, https:\/\/erlebnis-tanz.org\/sw\/wp-content\/uploads\/sites\/16\/2024\/06\/Gruppenbild-mitgliedertanzfest-1024x591.jpg 1024w, https:\/\/erlebnis-tanz.org\/sw\/wp-content\/uploads\/sites\/16\/2024\/06\/Gruppenbild-mitgliedertanzfest-768x443.jpg 768w\" sizes=\"auto, (max-width: 1480px) 100vw, 1480px\" \/><\/p>\n<div class=\"pbs-row\" style=\"min-height: 200px;margin-bottom: 74px\">\n<div class=\"pbs-col\" style=\"flex-basis: 42.6804%;justify-content: center;padding-bottom: 0px\">\n<p><img loading=\"lazy\" decoding=\"async\" class=\"aligncenter wp-image-594\" height=\"548\" src=\"https:\/\/erlebnis-tanz.org\/sw\/wp-content\/uploads\/sites\/16\/2024\/06\/Petra-AhrensGabriele-Gronemeyer.jpg\" style=\"height: auto;width: 268px\" width=\"268\" srcset=\"https:\/\/erlebnis-tanz.org\/sw\/wp-content\/uploads\/sites\/16\/2024\/06\/Petra-AhrensGabriele-Gronemeyer.jpg 855w, https:\/\/erlebnis-tanz.org\/sw\/wp-content\/uploads\/sites\/16\/2024\/06\/Petra-AhrensGabriele-Gronemeyer-147x300.jpg 147w, https:\/\/erlebnis-tanz.org\/sw\/wp-content\/uploads\/sites\/16\/2024\/06\/Petra-AhrensGabriele-Gronemeyer-500x1024.jpg 500w, https:\/\/erlebnis-tanz.org\/sw\/wp-content\/uploads\/sites\/16\/2024\/06\/Petra-AhrensGabriele-Gronemeyer-768x1572.jpg 768w, https:\/\/erlebnis-tanz.org\/sw\/wp-content\/uploads\/sites\/16\/2024\/06\/Petra-AhrensGabriele-Gronemeyer-750x1536.jpg 750w\" sizes=\"auto, (max-width: 268px) 100vw, 268px\" \/><\/p>\n<\/div>\n<div class=\"pbs-col\" style=\"flex-basis: 57.3196%;justify-content: center;padding-bottom: 121px;padding-top: 107px\">\n<p><img loading=\"lazy\" decoding=\"async\" class=\"aligncenter wp-image-593 size-large\" height=\"291\" src=\"https:\/\/erlebnis-tanz.org\/sw\/wp-content\/uploads\/sites\/16\/2024\/06\/Mitgliedertanzfest-Vorstaende-1024x480.jpg\" style=\"width: 485px;height: 227.18px;margin-bottom: 36px;margin-top: -25px\" width=\"620\" srcset=\"https:\/\/erlebnis-tanz.org\/sw\/wp-content\/uploads\/sites\/16\/2024\/06\/Mitgliedertanzfest-Vorstaende-1024x480.jpg 1024w, https:\/\/erlebnis-tanz.org\/sw\/wp-content\/uploads\/sites\/16\/2024\/06\/Mitgliedertanzfest-Vorstaende-300x141.jpg 300w, https:\/\/erlebnis-tanz.org\/sw\/wp-content\/uploads\/sites\/16\/2024\/06\/Mitgliedertanzfest-Vorstaende-768x360.jpg 768w, https:\/\/erlebnis-tanz.org\/sw\/wp-content\/uploads\/sites\/16\/2024\/06\/Mitgliedertanzfest-Vorstaende-1536x719.jpg 1536w, https:\/\/erlebnis-tanz.org\/sw\/wp-content\/uploads\/sites\/16\/2024\/06\/Mitgliedertanzfest-Vorstaende.jpg 1947w\" sizes=\"auto, (max-width: 620px) 100vw, 620px\" \/><\/p>\n<div class=\"pbs-row\" style=\"min-height: 31px\">\n<div class=\"pbs-col\" style=\"justify-content: center;padding-top: 0px\">\n<p style=\"margin-top: -33px\"><span style=\"font-size:calc(1rem - 0.06vw)\">Ute Schultz, Dorit Nielsen, Gabriele Gronemeyer, Christel Weber, Petra Ahrens, Eva Eichst\u00e4dt, Hiltrud Widowitsch, Verena Soyka<\/span><\/p>\n<\/div>\n<\/div>\n<\/div>\n<\/div>\n<div class=\"pbs-row\" style=\"min-height: 19px;margin-bottom: -26px;margin-top: -123px\">\n<div class=\"pbs-col\" style=\"flex-basis: 50%;justify-content: center;padding-left: 99px;padding-bottom: 15px\">\n<p><span style=\"font-size:calc(1rem + 0.14vw)\">Petra Ahrens, Gabriele Gronemeyer<\/span><\/p>\n<\/div>\n<\/div>\n<div class=\"pbs-row\" style=\"min-height: 200px;margin-top: 97px\">\n<div class=\"pbs-col\" style=\"justify-content: center;padding-left: 90px;padding-right: 117px\">\n<p><img decoding=\"async\" class=\"aligncenter wp-image-730 size-full\" height=\"2339\" loading=\"lazy\" src=\"https:\/\/erlebnis-tanz.org\/sw\/wp-content\/uploads\/sites\/16\/2025\/02\/Bericht-Mitgliedertanzfest.jpg\" style=\"margin-bottom: -25px;margin-top: -77px\" width=\"1654\" srcset=\"https:\/\/erlebnis-tanz.org\/sw\/wp-content\/uploads\/sites\/16\/2025\/02\/Bericht-Mitgliedertanzfest.jpg 1654w, https:\/\/erlebnis-tanz.org\/sw\/wp-content\/uploads\/sites\/16\/2025\/02\/Bericht-Mitgliedertanzfest-212x300.jpg 212w, https:\/\/erlebnis-tanz.org\/sw\/wp-content\/uploads\/sites\/16\/2025\/02\/Bericht-Mitgliedertanzfest-724x1024.jpg 724w, https:\/\/erlebnis-tanz.org\/sw\/wp-content\/uploads\/sites\/16\/2025\/02\/Bericht-Mitgliedertanzfest-768x1086.jpg 768w, https:\/\/erlebnis-tanz.org\/sw\/wp-content\/uploads\/sites\/16\/2025\/02\/Bericht-Mitgliedertanzfest-1086x1536.jpg 1086w, https:\/\/erlebnis-tanz.org\/sw\/wp-content\/uploads\/sites\/16\/2025\/02\/Bericht-Mitgliedertanzfest-1448x2048.jpg 1448w\" sizes=\"auto, (max-width: 1654px) 100vw, 1654px\" \/><\/p>\n<\/div>\n<\/div>\n<h4 style=\"margin-top: 0px\">  Mitgliedertanzfest 2018  <\/h4>\n<p style=\"margin-top: 0px\">F\u00fcr unser Mitgliedertanzfest 2018 hatten wir einen neuen Veranstaltungsort gefunden. Der \u201cLegienhof\u201d in Kiel wurde angesteuert. Fast 90 T\u00e4nzerinnen und T\u00e4nzer hatten viel Freude beim Tanzen. Die Verpflegung und der Service waren prima!<\/p>\n<div class=\"pbs-row\" style=\"min-height: 200px\">\n<div class=\"pbs-col\" style=\"flex-basis: 50%;justify-content: center\">\n<p><img decoding=\"async\" alt class=\"aligncenter size-full wp-image-16\" height=\"918\" loading=\"lazy\" src=\"https:\/\/erlebnis-tanz.org\/sw\/wp-content\/uploads\/sites\/16\/2021\/04\/012.jpg\" width=\"1632\"><\/p>\n<\/div>\n<div class=\"pbs-col\" style=\"flex-basis: 50%;justify-content: center\">\n<p><img decoding=\"async\" alt class=\"aligncenter size-full wp-image-17\" height=\"918\" loading=\"lazy\" src=\"https:\/\/erlebnis-tanz.org\/sw\/wp-content\/uploads\/sites\/16\/2021\/04\/027.jpg\" width=\"1632\"><\/p>\n<\/div>\n<\/div>\n<div class=\"pbs-row\" style=\"min-height: 200px\">\n<div class=\"pbs-col\" style=\"flex-basis: 50%;justify-content: center\">\n<p><img decoding=\"async\" alt class=\"aligncenter size-full wp-image-16\" height=\"918\" loading=\"lazy\" src=\"https:\/\/erlebnis-tanz.org\/sw\/wp-content\/uploads\/sites\/16\/2021\/04\/045.jpg\" width=\"1632\"><\/p>\n<\/div>\n<div class=\"pbs-col\" style=\"flex-basis: 50%;justify-content: center\">\n<p><img decoding=\"async\" alt class=\"aligncenter size-full wp-image-17\" height=\"918\" loading=\"lazy\" src=\"https:\/\/erlebnis-tanz.org\/sw\/wp-content\/uploads\/sites\/16\/2021\/04\/052.jpg\" width=\"1632\"><\/p>\n<\/div>\n<\/div>\n<div class=\"pbs-row\" style=\"min-height: 200px\">\n<div class=\"pbs-col\" style=\"flex-basis: 50%;justify-content: center\">\n<p><img decoding=\"async\" alt class=\"aligncenter size-full wp-image-16\" height=\"918\" loading=\"lazy\" src=\"https:\/\/erlebnis-tanz.org\/sw\/wp-content\/uploads\/sites\/16\/2021\/04\/038.jpg\" width=\"1632\"><\/p>\n<\/div>\n<div class=\"pbs-col\" style=\"flex-basis: 50%;justify-content: center\">\n<p><img decoding=\"async\" alt class=\"aligncenter size-full wp-image-17\" height=\"918\" loading=\"lazy\" src=\"https:\/\/erlebnis-tanz.org\/sw\/wp-content\/uploads\/sites\/16\/2021\/04\/060.jpg\" width=\"1632\"><\/p>\n<\/div>\n<\/div>\n<p style=\"margin-top: -28px\">Geehrt wurden von P. Ahrens (li) und G. Gronemeyer (re): 2. v.li. Christel Schnoor, Anke Gellert und Marianne K\u00f6rber f\u00fcr 25, 35 und 30 Jahre Mitgliedschaft im BVST e.V.<\/p>\n<h4 style=\"margin-top: 40px\">  Gesamt-AK in Neum\u00fcnster  <\/h4>\n<p>Am 23. September 2017 fand der 1. Gesamt-AK in Schleswig-Holstein statt. Aus allen AK trafen sich ca. 65 TeilnehmerInnen im gro\u00dfen Saal des Kiek in! in Neum\u00fcnster, nicht nur um Walzer mit \u201eFlare\u201c einzu\u00fcben.<\/p>\n<div class=\"pbs-row\" style=\"min-height: 200px\">\n<div class=\"pbs-col\" style=\"justify-content: center;flex-basis: 62.3701%\">\n<p><img decoding=\"async\" alt class=\"size-full wp-image-35 aligncenter\" height=\"300\" loading=\"lazy\" src=\"https:\/\/erlebnis-tanz.org\/sw\/wp-content\/uploads\/sites\/16\/2021\/04\/Zwischenablage01a.jpg\" style=\"height: auto;width: 535px\" width=\"535\"><\/p>\n<\/div>\n<div class=\"pbs-col\" style=\"justify-content: center;flex-basis: 37.6299%\"><\/div>\n<\/div>\n<p style=\"margin-top: -10px\">Es war uns eine gro\u00dfe Freude, bei dieser Veranstaltung Ehrenurkunden f\u00fcr 40-j\u00e4hrige Mitgliedschaft im BVST e.V. an Christel Weber und Dorit Nielsen zu \u00fcberreichen.<\/p>\n<div class=\"pbs-row\" style=\"min-height: 200px;margin-top: -12px\">\n<div class=\"pbs-col\" style=\"flex-basis: 50%;justify-content: center\">\n<p><img decoding=\"async\" alt class=\"size-full wp-image-36 aligncenter\" height=\"300\" loading=\"lazy\" src=\"https:\/\/erlebnis-tanz.org\/sw\/wp-content\/uploads\/sites\/16\/2021\/04\/Zwischenablage01b.jpg\" style=\"height: auto;width: 413px\" width=\"413\"><\/p>\n<\/div>\n<div class=\"pbs-col\" style=\"flex-basis: 50%;justify-content: center\"><\/div>\n<\/div>\n<div class=\"pbs-row\" style=\"min-height: 200px\">\n<div class=\"pbs-col\" style=\"justify-content: center;flex-basis: 50%\">\n<p><img decoding=\"async\" alt class=\"aligncenter size-full wp-image-37\" height=\"300\" loading=\"lazy\" src=\"https:\/\/erlebnis-tanz.org\/sw\/wp-content\/uploads\/sites\/16\/2021\/04\/Zwischenablage01c.jpg\" style=\"height: auto;width: 413px\" width=\"413\"><\/p>\n<\/div>\n<div class=\"pbs-col\" style=\"flex-grow: 1;justify-content: center;flex-basis: 50%\"><\/div>\n<\/div>\n<p style=\"margin-top: -24px\">v.l.n.r.: G. Gronemeyer (stellv. Landesvorsitzende), D. Nielsen, Chr. Weber (Gr\u00fcndungs- und Ehrenmitglied), P. Ahrens (Landesvorsitzende)<br \/>Fotos: Dr. E. Doden<\/p>\n<h4 style=\"margin-top: 40px\">  IGA&nbsp;Berlin am 26.08.2017  <\/h4>\n<p>In aller Fr\u00fche machten sich T\u00e4nzerinnen und T\u00e4nzer aus dem AK Nord, aus Kiel und L\u00fcbeck sowie dem Kreis Stormarn mit Bussen auf den Weg nach Berlin, um dort in der Arena der IGA den 40. Geburtstag des BVST e.V. tanzend zu feiern.<\/p>\n<div class=\"pbs-row\" style=\"min-height: 200px\">\n<div class=\"pbs-col\" style=\"flex-basis: 50%;justify-content: center\">\n<p><img decoding=\"async\" alt class=\"aligncenter size-full wp-image-14\" height=\"300\" loading=\"lazy\" src=\"https:\/\/erlebnis-tanz.org\/sw\/wp-content\/uploads\/sites\/16\/2021\/04\/DSC0645_JPG.jpg\" style=\"height: auto;width: 453px\" width=\"453\"><\/p>\n<\/div>\n<div class=\"pbs-col\" style=\"flex-basis: 50%;justify-content: center\">\n<p><img decoding=\"async\" alt class=\"aligncenter size-full wp-image-29\" height=\"300\" loading=\"lazy\" src=\"https:\/\/erlebnis-tanz.org\/sw\/wp-content\/uploads\/sites\/16\/2021\/04\/P1130036_jpg.jpg\" style=\"height: auto;width: 400px\" width=\"400\"><\/p>\n<\/div>\n<\/div>\n<div class=\"pbs-row\" style=\"min-height: 200px\">\n<div class=\"pbs-col\" style=\"flex-basis: 50%;justify-content: center\">\n<p><img decoding=\"async\" alt class=\"aligncenter size-full wp-image-15\" height=\"300\" loading=\"lazy\" src=\"https:\/\/erlebnis-tanz.org\/sw\/wp-content\/uploads\/sites\/16\/2021\/04\/DSC1063_JPG.jpg\" style=\"height: auto;width: 453px\" width=\"453\"><\/p>\n<\/div>\n<div class=\"pbs-col\" style=\"flex-basis: 50%;justify-content: center\"><\/div>\n<\/div>\n<h4 style=\"margin-top: 40px\">  Mitgliedertanzfest am 8.10.2016 in Neum\u00fcnster  <\/h4>\n<p>Was f\u00e4llt Ihnen zu \u201c\u00d6sterreich\u201d ein? Vielleicht denken Sie an die sch\u00f6ne Landschaft, an St\u00e4dte wie Wien oder Salzburg, an kulinarische K\u00f6stlichkeiten oder an das ber\u00fchmte Neujahrskonzert oder an den Wiener Walzer? Die Gemeinschaft der Seniorent\u00e4nzer\/-innen dachte in diesem Jahr auf jeden Fall an das internationale Seniorentanzleitertreffen (ISDC), das&nbsp;im&nbsp;Mai in \u00d6sterreich stattgefunden hat. Dies nahmen wir \u00fcberall in Deutschland zum Anlass, Tanzfeste zu veranstalten, die sich auf den ISDC in \u00d6sterreich bezogen.<\/p>\n<p>Die AK-Leiterinnen des Landesverbandes (von li nach re: G. Gronemeyer, U. Schultz, P. Ahrens, E. Eichst\u00e4dt) boten ein abwechslungsreiches Tanzprogramm aus vielen Jahren ISDC an. Nat\u00fcrlich fehlten weder die Polonaise noch der Wiener Walzer! Kulinarisch&nbsp;wurden wir&nbsp;mit&nbsp;\u00d6sterreichischer Fl\u00e4dlesuppe und&nbsp;Donauwelle&nbsp;verw\u00f6hnt.&nbsp;Ein Quiz, Ergebnis \u201cTiroler Hut\u201d,&nbsp;der anschlie\u00dfende Paartanz&nbsp;\u201cIch kauf mir lieber einen Tiroler Hut\u201d und&nbsp;der Tanz im Sitzen&nbsp;\u201cSalzburger Spa\u00df\u201d&nbsp;rundeten&nbsp;das Programm ab.<\/p>\n<div class=\"pbs-row\" style=\"min-height: 200px\">\n<div class=\"pbs-col\" style=\"flex-basis: 50%;justify-content: center\">\n<p><img decoding=\"async\" alt class=\"aligncenter size-full wp-image-16\" height=\"449\" loading=\"lazy\" src=\"https:\/\/erlebnis-tanz.org\/sw\/wp-content\/uploads\/sites\/16\/2021\/04\/Tanzfest_SH_2_10.jpg\" style=\"height: auto;width: 368px\" width=\"368\"><\/p>\n<\/div>\n<div class=\"pbs-col\" style=\"flex-basis: 50%;justify-content: center\">\n<p><img decoding=\"async\" alt class=\"aligncenter size-full wp-image-17\" height=\"450\" loading=\"lazy\" src=\"https:\/\/erlebnis-tanz.org\/sw\/wp-content\/uploads\/sites\/16\/2021\/04\/Tanzfest_SH_1_10.jpg\" style=\"height: auto;width: 343px\" width=\"343\"><\/p>\n<\/div>\n<\/div>\n<div class=\"pbs-row\" style=\"min-height: 200px\">\n<div class=\"pbs-col\" style=\"flex-basis: 50%;justify-content: center\">\n<p><img decoding=\"async\" alt class=\"aligncenter size-full wp-image-16\" height=\"300\" loading=\"lazy\" src=\"https:\/\/erlebnis-tanz.org\/sw\/wp-content\/uploads\/sites\/16\/2021\/04\/IMG_0010.JPG\" style=\"height: auto;width: 401px\" width=\"401\"><\/p>\n<\/div>\n<div class=\"pbs-col\" style=\"flex-basis: 50%;justify-content: center\">\n<p><img decoding=\"async\" alt class=\"aligncenter size-full wp-image-17\" height=\"300\" loading=\"lazy\" src=\"https:\/\/erlebnis-tanz.org\/sw\/wp-content\/uploads\/sites\/16\/2021\/04\/IMG_0018.JPG\" style=\"height: auto;width: 401px\" width=\"401\"><\/p>\n<\/div>\n<\/div>\n<div class=\"pbs-row\" style=\"min-height: 200px\">\n<div class=\"pbs-col\" style=\"flex-basis: 50%;justify-content: center\">\n<p><img decoding=\"async\" alt class=\"aligncenter size-full wp-image-16\" height=\"300\" loading=\"lazy\" src=\"https:\/\/erlebnis-tanz.org\/sw\/wp-content\/uploads\/sites\/16\/2021\/04\/IMG_0024.JPG\" style=\"height: auto;width: 401px\" width=\"401\"><\/p>\n<\/div>\n<div class=\"pbs-col\" style=\"flex-basis: 50%;justify-content: center\">\n<p><img decoding=\"async\" alt class=\"aligncenter size-full wp-image-17\" height=\"300\" loading=\"lazy\" src=\"https:\/\/erlebnis-tanz.org\/sw\/wp-content\/uploads\/sites\/16\/2021\/04\/IMG_0071.JPG\" style=\"height: auto;width: 401px\" width=\"401\"><\/p>\n<\/div>\n<\/div>\n<div class=\"pbs-row\" style=\"min-height: 200px\">\n<div class=\"pbs-col\" style=\"flex-basis: 50%;justify-content: center\">\n<p><img decoding=\"async\" alt class=\"aligncenter size-full wp-image-16\" height=\"300\" loading=\"lazy\" src=\"https:\/\/erlebnis-tanz.org\/sw\/wp-content\/uploads\/sites\/16\/2021\/04\/IMG_0085.JPG\" style=\"height: auto;width: 401px\" width=\"401\"><\/p>\n<\/div>\n<div class=\"pbs-col\" style=\"flex-basis: 50%;justify-content: center\"><\/div>\n<\/div>\n<div><\/div>\n<div data-ce-tag=\"spacer\"><\/div>\n<div data-ce-tag=\"spacer\"><\/div>\n<\/div>","protected":false},"excerpt":{"rendered":"<p>Mitgliedertanzfest 2024 Ute Schultz, Dorit Nielsen, Gabriele Gronemeyer, Christel Weber, Petra Ahrens, Eva Eichst\u00e4dt, Hiltrud Widowitsch, Verena Soyka Petra Ahrens, Gabriele Gronemeyer Mitgliedertanzfest 2018 F\u00fcr unser Mitgliedertanzfest 2018 hatten wir &hellip;<\/p>\n","protected":false},"author":1,"featured_media":0,"parent":0,"menu_order":0,"comment_status":"closed","ping_status":"closed","template":"fullwidth.php","meta":{"footnotes":""},"class_list":["post-58","page","type-page","status-publish","hentry"],"_links":{"self":[{"href":"https:\/\/erlebnis-tanz.org\/sw\/wp-json\/wp\/v2\/pages\/58","targetHints":{"allow":["GET"]}}],"collection":[{"href":"https:\/\/erlebnis-tanz.org\/sw\/wp-json\/wp\/v2\/pages"}],"about":[{"href":"https:\/\/erlebnis-tanz.org\/sw\/wp-json\/wp\/v2\/types\/page"}],"author":[{"embeddable":true,"href":"https:\/\/erlebnis-tanz.org\/sw\/wp-json\/wp\/v2\/users\/1"}],"replies":[{"embeddable":true,"href":"https:\/\/erlebnis-tanz.org\/sw\/wp-json\/wp\/v2\/comments?post=58"}],"version-history":[{"count":29,"href":"https:\/\/erlebnis-tanz.org\/sw\/wp-json\/wp\/v2\/pages\/58\/revisions"}],"predecessor-version":[{"id":736,"href":"https:\/\/erlebnis-tanz.org\/sw\/wp-json\/wp\/v2\/pages\/58\/revisions\/736"}],"wp:attachment":[{"href":"https:\/\/erlebnis-tanz.org\/sw\/wp-json\/wp\/v2\/media?parent=58"}],"curies":[{"name":"wp","href":"https:\/\/api.w.org\/{rel}","templated":true}]}}