{"id":78,"date":"2021-04-08T10:23:46","date_gmt":"2021-04-08T08:23:46","guid":{"rendered":"https:\/\/erlebnis-tanz.org\/th\/?page_id=78"},"modified":"2026-01-25T23:31:11","modified_gmt":"2026-01-25T22:31:11","slug":"aktuelles-aus-dem-landesverband","status":"publish","type":"page","link":"https:\/\/erlebnis-tanz.org\/th\/aktuelles-aus-dem-landesverband\/","title":{"rendered":"Aktuelles aus dem Landesverband"},"content":{"rendered":"<div class=\"pbs-main-wrapper\"><h4>  Wir bieten Mitmachangebote im ErlebniSTanz auf der Landesgartenschau in Leinefelde \u2013 Worbis:  <\/h4>\n<p>Termine:<br \/> 29.04.2026<br \/> 20.05.2026<br \/> 03.06.2026<br \/> 08.07.2026<br \/> 12.08.2026<br \/> 02.09.2026<br \/> 07.10.2026<br \/> An diesen Tagen wird jeweils um 11.00 Uhr und um 14.00 Uhr von Th\u00fcringer Tanzleiterinnen zum Mittanzen eingeladen!<\/p>\n<h4>  Hier kommen Sie auf die Webseite der Landesgartenschau in Leinefelde \u2013 Worbis:&nbsp;<a href=\"https:\/\/www.lgs-leinefelde-worbis.de\/\">Landesgartenschau<\/a>  <\/h4>\n<p>.<\/p>\n<h4>  Gro\u00dfes&nbsp;Tanzfest am 20.06.2026 von 11 bis 16 Uhr \u2013 ebenfalls auf der Landesgartenschau  <\/h4>\n<p>.<\/p>\n<p>.<\/p>\n<h4>  Informationsveranstaltungen zu unseren berufsbegleitenden Ausbildungsm\u00f6glichkeiten mit  <\/h4>\n<div class=\"pbs-row\" style=\"min-height: 200px\">\n<div class=\"pbs-col\" style=\"justify-content: center;padding-bottom: 24px;padding-top: 16px\">\n<p><img loading=\"lazy\" decoding=\"async\" alt class=\"aligncenter size-full wp-image-45\" height=\"149\" src=\"https:\/\/erlebnis-tanz.org\/th\/wp-content\/uploads\/sites\/17\/2021\/03\/Logo.jpg\" style=\"margin-top: -46px\" width=\"471\"><\/p>\n<\/div>\n<\/div>\n<p style=\"margin-top: -53px\"><strong>Sie tanzen gern?<br \/> Sie arbeiten mit Menschen \u2013 beruflich oder im Ehrenamt?<br \/> Sie suchen eine neue Herausforderung?<\/strong><\/p>\n<p><strong>Wir bieten Ihnen eine berufsbegleitende Ausbildung in Th\u00fcringen<br \/> TanzleiterIn Erlebnistanz \/ Seniorentanz und<br \/> TanzleiterIn f\u00fcr Tanzen im Sitzen<br \/> im Bundesverband Seniorentanz BVST e.V.<\/strong><\/p>\n<p>Tanzen macht nicht nur Spa\u00df, sondern bietet aktive Gesundheitsvorsorge f\u00fcr den Bewegungsapparat und das Herz-Kreislauf-System, trainiert Koordination und Ged\u00e4chtnis und st\u00e4rkt Selbstwertgef\u00fchl und Lebensfreude!<\/p>\n<p>ErlebniSTanz ist prinzipiell f\u00fcr alle Altersgruppen geeignet, aber auch speziell auf die Gegebenheiten \u00e4lter werdender Menschen abgestimmt \u2013 eine Zielgruppe, die stetig w\u00e4chst!<\/p>\n<p>Angeleitet werden die Tanzgruppen, die es in ganz Deutschland gibt, von ausgebildeten TanzleiterInnen unseres Verbandes.<\/p>\n<p><strong>Ausbildungsm\u00f6glichkeiten<\/strong> finden Sie hier: <a href=\"https:\/\/erlebnis-tanz.org\/bvst\/ausbildung\/lehrgangs-und-zertifikatsinformation\/\">https:\/\/erlebnis-tanz.org\/bvst\/ausbildung\/lehrgangs-und-zertifikatsinformation\/<\/a><\/p>\n<p style=\"margin-top: -11px\">Gesch\u00e4ftsstelle des&nbsp;Landesverband Th\u00fcringen<br \/> c\/o Annelies Merker<br \/> Bachgasse 1<br \/> 07629 Hermsdorf<br \/> Tel. 036601-41051<br \/> Fax 036601-225907<br \/> <a href=\"mailto:thueringen@erlebnis-tanz.de\" rel=\"noopener\" target=\"_blank\">thueringen@erlebnis-tanz.de<\/a><\/p>\n<h4>  1. Mai 2024 \u2013 30 Jahre Landesverband Th\u00fcringen  <\/h4>\n<p>Unsere Seniorentanz-Gruppe bekam eine Einladung zur Jubil\u00e4umsfeier des Landesverbandes Th\u00fcringen, der sein 30j\u00e4hriges Bestehen feiern wollte. Da unsere Tanzleiterin Mitglied im Bundesverband Seniorentanz e. V. ist, waren auch wir eingeladen. Gefeiert werden sollte im Kultur- und Kongresszentrum Bad Langensalza.<br \/> Wir sind nur eine kleine Tanzgruppe und waren doch recht aufgeregt, als wir h\u00f6rten, dass sich ca. 300 T\u00e4nzer und T\u00e4nzerinnen angemeldet hatten. Schon das Geb\u00e4ude von au\u00dfen machte Lust auf das Eintreten und beim Einzug in den wundersch\u00f6nen Saal f\u00fchlten wir uns herzlich willkommen.<\/p>\n<p><img decoding=\"async\" src=\"https:\/\/erlebnis-tanz.org\/th\/wp-content\/uploads\/sites\/17\/2024\/05\/P1300029-klein.jpg\"><\/p>\n<p>Foto: Monika Kreisz<\/p>\n<p>Der Ablauf mit der Einteilung in 2 Gruppen durch farbige Armb\u00e4ndchen und die minuti\u00f6se Planung der Tanzbl\u00f6cke und der Pausenzeiten waren toll organisiert. Die gemeinsamen T\u00e4nze \u2013 wir Mittanzende haben ja so unsere Probleme mit den Tanznamen \u2013 wurden, wie wir es aus unseren Tanzgruppen kennen, alle angesagt, sodass es kein Problem gab, wenn ein Tanz mal nicht bekannt war. Es wechselten Paar- und Kreist\u00e4nze mit Gassen und Blockt\u00e4nzen, und wir staunten, wie die Tanzleiterinnen auf der B\u00fchne dieses Gewirr im Saal im Griff behielten.<\/p>\n<p><img decoding=\"async\" src=\"https:\/\/erlebnis-tanz.org\/th\/wp-content\/uploads\/sites\/17\/2024\/05\/P1300044-klein.jpg\"><\/p>\n<p>Foto: Monika Kreisz<\/p>\n<p>Ein paar T\u00e4nze haben wir uns doch gemerkt: El Cambio, Amerikanische Promenade, Santiano, Weberschiffchen, Western-Block zu dritt. So ca. 20 T\u00e4nze auf der Fl\u00e4che waren es wohl und einige von uns machten auch zum ersten Mal Erfahrung mit T\u00e4nzen im Sitzen, aber es klappte erstaunlich gut.<br \/> V\u00f6llig \u00fcberrascht waren wir, als pl\u00f6tzlich Christian M\u00fcller mit einem Kamerateam vom MDR im Saal stand und das bunte Treiben filmte, Interviews aufnahm und auch mittanzte. Gleich am Abend sollte der Beitrag im \u201eTh\u00fcringen Journal\u201c gesendet werden.<br \/> Das war nicht die einzige \u00dcberraschung \u2013 unsere Gesundheitsministerin Heike Werner hatte die Schirmherrschaft \u00fcber die Veranstaltung \u00fcbernommen und ihrer Freude \u00fcber das Angebot des Seniorentanzes\/ErlebniSTanzes als Gesundheitsvorsorge in einer kleinen Ansprache Ausdruck verliehen. Wir konnten ihr ansehen, dass es ihr wirklich Vergn\u00fcgen bereitete mitzutanzen.<\/p>\n<p><img decoding=\"async\" src=\"https:\/\/erlebnis-tanz.org\/th\/wp-content\/uploads\/sites\/17\/2024\/05\/P1300107-klein.jpg\"><\/p>\n<p>Foto: Monika Kreisz<\/p>\n<p>Irgendwann geht der sch\u00f6nste Tag zu Ende und die Heimfahrt steht an. Zu Hause angekommen, konnten wir wirklich den Tag beim Fernsehbericht Revue passieren lassen.<\/p>\n<p><img decoding=\"async\" src=\"https:\/\/erlebnis-tanz.org\/th\/wp-content\/uploads\/sites\/17\/2024\/05\/Abschlusstanz-Susanne-klein.jpg\"><\/p>\n<p>Foto: Dr. Susanne Schmidt<\/p>\n<p>Wir danken noch einmal ganz herzlich dem Vorstand des Landesverbandes Th\u00fcringen f\u00fcr dieses wundersch\u00f6ne Tanzfest und w\u00fcnschen weiter viele Tanzbegeisterte in den Gruppen und nat\u00fcrlich auch Tanzleiter und Tanzleiterinnen, die sich dieser wertvollen Arbeit widmen.<\/p>\n<p>Doris Kaiser, Tanzgruppe \u201eQuerbeet\u201c des MTV Niedersachswerfen<\/p>\n<p>30.11.2023<\/p>\n<h4>  Ach wie schade\u2026  <\/h4>\n<p>da\u00df es nicht jedes Jahr ein Jubil\u00e4um gibt. Dieses Jahr gab es aber eines: wir haben 30 Jahre Arbeitskreis Hermsdorfer Kreuz gefeiert. Damals hatte Annelies Merker bewirkt, da\u00df sich die Tanzleiter der Region treffen um sich auszutauschen. Erst 1 Jahr sp\u00e4ter wurde dann der Landesverband Th\u00fcringen gegr\u00fcndet.<\/p>\n<p>Es war so sch\u00f6n, das Tanzfest mitzuerleben und mit zu gestalten. Unter dem Motto \u201eT\u00e4nze f\u00fcr den Frieden der Welt\u201c haben wir jede Menge Weihnachtst\u00e4nze aus dem Heft des BVST und ein paar Neukreationen mit ca 100 T\u00e4nzern aufs Parkett gebracht. Ein stimmungsvoller Start in die Advents- und Weihnachtszeit.<\/p>\n<p><img decoding=\"async\" src=\"https:\/\/erlebnis-tanz.org\/th\/wp-content\/uploads\/sites\/17\/2024\/02\/Abschlusstanz.jpg\"><\/p>\n<p>Foto vom Schlusstanz Kerzenmenuett; Fotograf Sarah Schmidt<\/p>\n<p>Achja, zu unserem Arbeitskreis geh\u00f6rt auch die Tanzgruppe der Landesvorsitzenden Dr. Susanne Schmidt, die das Fest ma\u00dfgeblich mitgestaltet hat. Und auch die Gruppe der Bundesvorsitzenden Dr. Silvia Marsch ist in unserem Arbeitskreis beheimatet. Wie sch\u00f6n, da\u00df sie auch dabei sein konnte.<\/p>\n<p><img decoding=\"async\" src=\"https:\/\/erlebnis-tanz.org\/th\/wp-content\/uploads\/sites\/17\/2024\/02\/Tanzleiter.jpg\"><\/p>\n<p>Foto mit den Tanzleiterinnen des AK von links nach rechts: R.Gernhardt, S.Marsch, A.Schuchart, R.von Thaler, E.Carl, M.Kreisz, U.Niere, I.Emmermacher, C.St\u00f6hr, A.Merker, S.Schmidt; Fotograf Sarah Schmidt<\/p>\n<p>Auch Politiker wie der B\u00fcrgermeister von Hermsdorf, die Vorsitzende der Verwaltungsgemeinschaft und die Seniorenbeauftragte waren da und haben nicht nur die Polonaise am Anfang \u2013 sondern noch viele T\u00e4nze mehr mitgetanzt. Auch das war eine sch\u00f6ne W\u00fcrdigung. Diese galt nat\u00fcrlich v.a. Annelies Merker, die sich um die Gr\u00fcndung des Arbeitskreises und des Landesverbandes so verdient gemacht hat \u2013 und sich auch f\u00fcr uns nachwachsende Tanzleiter engagiert hat. Sie leitet den Arbeitskreis bis heute. Nachdem sie viele Jahre den Landesverband leitete, ist sie als Stellvertreterin heute f\u00fcr dessen Gesch\u00e4ftsstelle zust\u00e4ndig.<\/p>\n<p><strong>Ach, wie sch\u00f6n<\/strong>, da\u00df es das Tanzfest gab! Mu\u00df es immer einen Anlass geben?<\/p>\n<p>Dr. Annette Schuchart<\/p>\n<h4>  Eindr\u00fccke vom AK-Treffen 2023 in Bad Tabarz  <\/h4>\n<p><img decoding=\"async\" src=\"https:\/\/erlebnis-tanz.org\/th\/wp-content\/uploads\/sites\/17\/2024\/02\/Tabarz-b.jpg\"><\/p>\n<p><img decoding=\"async\" src=\"https:\/\/erlebnis-tanz.org\/th\/wp-content\/uploads\/sites\/17\/2024\/02\/Tabarz-a.jpg\"><\/p>\n<h4>  15. Geburtstag \u2013 Arbeitskreis TiS Bad Langensalza feiert Jubil\u00e4um  <\/h4>\n<p>Am 21. Januar 2023 war es soweit: Der einzige Arbeitskreis TiS im Landesverband Th\u00fcringen feierte seinen 15. Geburtstag mit einem kleinen aber feinen Fest. 2008 hatte Liane Amthor die Gr\u00fcndung des AKs f\u00fcr den Abschluss ihrer Ausbildung als Referentin dokumentiert und die Unterlagen dieser Pr\u00e4sentation jetzt wieder mitgebracht, samt Artikel in der Mitgliederzeitschrift sowie der \u201eGr\u00fcndungskerze\u201c, die ihr der AK TiS damals zum Dank geschenkt hatte.<\/p>\n<p><img loading=\"lazy\" decoding=\"async\" alt class=\"aligncenter size-medium wp-image-286\" height=\"225\" src=\"https:\/\/erlebnis-tanz.org\/th\/wp-content\/uploads\/sites\/17\/2023\/04\/Abb-1-Dokumentation-Amthor-kl-300x225.jpg\" width=\"300\" srcset=\"https:\/\/erlebnis-tanz.org\/th\/wp-content\/uploads\/sites\/17\/2023\/04\/Abb-1-Dokumentation-Amthor-kl-300x225.jpg 300w, https:\/\/erlebnis-tanz.org\/th\/wp-content\/uploads\/sites\/17\/2023\/04\/Abb-1-Dokumentation-Amthor-kl-768x576.jpg 768w, https:\/\/erlebnis-tanz.org\/th\/wp-content\/uploads\/sites\/17\/2023\/04\/Abb-1-Dokumentation-Amthor-kl.jpg 1000w\" sizes=\"auto, (max-width: 300px) 100vw, 300px\" \/>Abb.: Die Originalmaterialien der Dokumentation zur Gr\u00fcndung<\/p>\n<p>Neben einem \u00fcppigen Buffet \u2013 Th\u00fcringer wissen zu feiern und das leibliche Wohl sollte nicht zu kurz kommen \u2013 hatten wir uns im Vorfeld \u00fcberlegt, alle T\u00e4nze, die unser Arbeitskreis bis heute choreographiert hatte, durchzutanzen, eine stolze Liste von immerhin 29 T\u00e4nzen, von denen eine ganze Reihe in Brosch\u00fcren ver\u00f6ffentlicht wurde. Wir waren selbst ganz beeindruckt von unserer \u201eProduktivit\u00e4t\u201c sowie davon, dass es uns gelungen ist, beim Fest auch all diese T\u00e4nze durchzutanzen! Jede und jeder sagte mindestens einen Tanz an und bekam daf\u00fcr zum Dank ein witziges \u201eGeburtstagsgeschenk\u201c, zwischen den T\u00e4nzen Ged\u00e4chtnistrainings, Gedichte und Geschichten, Erinnerungen aus dem N\u00e4hk\u00e4stchen \u2026<\/p>\n<p><img loading=\"lazy\" decoding=\"async\" alt class=\"aligncenter size-medium wp-image-287\" height=\"238\" src=\"https:\/\/erlebnis-tanz.org\/th\/wp-content\/uploads\/sites\/17\/2023\/04\/Abb-2-Bericht-in-Sentanz-kl-300x238.jpg\" width=\"300\" srcset=\"https:\/\/erlebnis-tanz.org\/th\/wp-content\/uploads\/sites\/17\/2023\/04\/Abb-2-Bericht-in-Sentanz-kl-300x238.jpg 300w, https:\/\/erlebnis-tanz.org\/th\/wp-content\/uploads\/sites\/17\/2023\/04\/Abb-2-Bericht-in-Sentanz-kl-768x608.jpg 768w, https:\/\/erlebnis-tanz.org\/th\/wp-content\/uploads\/sites\/17\/2023\/04\/Abb-2-Bericht-in-Sentanz-kl.jpg 1000w\" sizes=\"auto, (max-width: 300px) 100vw, 300px\" \/>Abb.: Bericht in \u201eSenioren Tanzen\u201c, 2. Quartal 2008<\/p>\n<p>Sylke Losse hatte die Geburtstagsfeier wunderbar vorbereitet und minuti\u00f6s durchgeplant, alle Teilnehmer und Teilnehmerinnen sowie unsere Stammg\u00e4ste aus Erfurt trugen ihre \u201eLieblinge\u201c f\u00fcrs Buffet bei, die Vorsitzende Liane Amthor und Barbara Beloch verlasen Gru\u00df und Dank des Landesverbandes und berichteten aus der Arbeit der letzten Jahre\u2026.<\/p>\n<p><img decoding=\"async\" alt class=\"aligncenter size-medium wp-image-288\" height=\"300\" loading=\"lazy\" src=\"https:\/\/erlebnis-tanz.org\/th\/wp-content\/uploads\/sites\/17\/2023\/04\/Abb-3-Gruendungskerze-kl-225x300.jpg\" width=\"225\" srcset=\"https:\/\/erlebnis-tanz.org\/th\/wp-content\/uploads\/sites\/17\/2023\/04\/Abb-3-Gruendungskerze-kl-225x300.jpg 225w, https:\/\/erlebnis-tanz.org\/th\/wp-content\/uploads\/sites\/17\/2023\/04\/Abb-3-Gruendungskerze-kl.jpg 750w\" sizes=\"auto, (max-width: 225px) 100vw, 225px\" \/>Abb.: \u201eGr\u00fcndungskerze\u201c<\/p>\n<p>Allen ein herzliches Dankesch\u00f6n! Und auf die n\u00e4chsten 15 Jahre! Mindestens!<\/p>\n<p>Text und Bilder: Michaela Hallermayer<\/p>\n<div data-ce-tag=\"spacer\"><\/div>\n<\/div>","protected":false},"excerpt":{"rendered":"<p>Wir bieten Mitmachangebote im ErlebniSTanz auf der Landesgartenschau in Leinefelde \u2013 Worbis: Termine: 29.04.2026 20.05.2026 03.06.2026 08.07.2026 12.08.2026 02.09.2026 07.10.2026 An diesen Tagen wird jeweils um 11.00 Uhr und um &hellip;<\/p>\n","protected":false},"author":1,"featured_media":253,"parent":0,"menu_order":0,"comment_status":"closed","ping_status":"closed","template":"fullwidth.php","meta":{"footnotes":""},"class_list":["post-78","page","type-page","status-publish","has-post-thumbnail","hentry"],"_links":{"self":[{"href":"https:\/\/erlebnis-tanz.org\/th\/wp-json\/wp\/v2\/pages\/78","targetHints":{"allow":["GET"]}}],"collection":[{"href":"https:\/\/erlebnis-tanz.org\/th\/wp-json\/wp\/v2\/pages"}],"about":[{"href":"https:\/\/erlebnis-tanz.org\/th\/wp-json\/wp\/v2\/types\/page"}],"author":[{"embeddable":true,"href":"https:\/\/erlebnis-tanz.org\/th\/wp-json\/wp\/v2\/users\/1"}],"replies":[{"embeddable":true,"href":"https:\/\/erlebnis-tanz.org\/th\/wp-json\/wp\/v2\/comments?post=78"}],"version-history":[{"count":64,"href":"https:\/\/erlebnis-tanz.org\/th\/wp-json\/wp\/v2\/pages\/78\/revisions"}],"predecessor-version":[{"id":365,"href":"https:\/\/erlebnis-tanz.org\/th\/wp-json\/wp\/v2\/pages\/78\/revisions\/365"}],"wp:featuredmedia":[{"embeddable":true,"href":"https:\/\/erlebnis-tanz.org\/th\/wp-json\/wp\/v2\/media\/253"}],"wp:attachment":[{"href":"https:\/\/erlebnis-tanz.org\/th\/wp-json\/wp\/v2\/media?parent=78"}],"curies":[{"name":"wp","href":"https:\/\/api.w.org\/{rel}","templated":true}]}}